{"version":"1.0","provider_name":"Gr\u00fcne in der Regierung des Landes Hessen","provider_url":"https:\/\/www.gruene-hessen.de\/regierung","author_name":"Till Haupt","author_url":"https:\/\/www.gruene-hessen.de\/regierung\/author\/t-haupt\/","title":"Bilanz - Gr\u00fcne in der Regierung des Landes Hessen","type":"rich","width":600,"height":338,"html":"<blockquote class=\"wp-embedded-content\" data-secret=\"mPmpRm7ScU\"><a href=\"https:\/\/www.gruene-hessen.de\/regierung\/gruen-wirkt\/bilanz\/\">Bilanz<\/a><\/blockquote><iframe sandbox=\"allow-scripts\" security=\"restricted\" src=\"https:\/\/www.gruene-hessen.de\/regierung\/gruen-wirkt\/bilanz\/embed\/#?secret=mPmpRm7ScU\" width=\"600\" height=\"338\" title=\"&#8222;Bilanz&#8220; &#8211; Gr\u00fcne in der Regierung des Landes Hessen\" data-secret=\"mPmpRm7ScU\" frameborder=\"0\" marginwidth=\"0\" marginheight=\"0\" scrolling=\"no\" class=\"wp-embedded-content\"><\/iframe><script type=\"text\/javascript\">\n\/* <![CDATA[ *\/\n\/*! This file is auto-generated *\/\n!function(d,l){\"use strict\";l.querySelector&&d.addEventListener&&\"undefined\"!=typeof URL&&(d.wp=d.wp||{},d.wp.receiveEmbedMessage||(d.wp.receiveEmbedMessage=function(e){var t=e.data;if((t||t.secret||t.message||t.value)&&!\/[^a-zA-Z0-9]\/.test(t.secret)){for(var s,r,n,a=l.querySelectorAll('iframe[data-secret=\"'+t.secret+'\"]'),o=l.querySelectorAll('blockquote[data-secret=\"'+t.secret+'\"]'),c=new RegExp(\"^https?:$\",\"i\"),i=0;i<o.length;i++)o[i].style.display=\"none\";for(i=0;i<a.length;i++)s=a[i],e.source===s.contentWindow&&(s.removeAttribute(\"style\"),\"height\"===t.message?(1e3<(r=parseInt(t.value,10))?r=1e3:~~r<200&&(r=200),s.height=r):\"link\"===t.message&&(r=new URL(s.getAttribute(\"src\")),n=new URL(t.value),c.test(n.protocol))&&n.host===r.host&&l.activeElement===s&&(d.top.location.href=t.value))}},d.addEventListener(\"message\",d.wp.receiveEmbedMessage,!1),l.addEventListener(\"DOMContentLoaded\",function(){for(var e,t,s=l.querySelectorAll(\"iframe.wp-embedded-content\"),r=0;r<s.length;r++)(t=(e=s[r]).getAttribute(\"data-secret\"))||(t=Math.random().toString(36).substring(2,12),e.src+=\"#?secret=\"+t,e.setAttribute(\"data-secret\",t)),e.contentWindow.postMessage({message:\"ready\",secret:t},\"*\")},!1)))}(window,document);\n\/\/# sourceURL=https:\/\/www.gruene-hessen.de\/regierung\/wp-includes\/js\/wp-embed.min.js\n\/* ]]> *\/\n<\/script>\n","thumbnail_url":"https:\/\/www.gruene-hessen.de\/regierung\/files\/2018\/05\/Feature-Bilanz.jpg","thumbnail_width":1440,"thumbnail_height":735,"description":"Im GR\u00dcNEN Bereich Wie Hessen seit 2014 gr\u00fcner und gerechter geworden ist Hessen und die GR\u00dcNEN \u2013 das ist eine Erfolgsgeschichte. Als die GR\u00dcNEN vor gut 35 Jahren in den Landtag einzogen, bekamen der Protest gegen verkrustete Strukturen, Kalten Krieg und Aufr\u00fcstung, gegen Startbahn West, Atomkraft und Umweltzerst\u00f6rung, f\u00fcr Gleichberechtigung und die Gleichstellung von Minderheiten [&hellip;]"}