{"version":"1.0","provider_name":"Landesverband B\u00dcNDNIS 90\/DIE GR\u00dcNEN Hessen","provider_url":"https:\/\/www.gruene-hessen.de\/partei","author_name":"Marcel Hamer","author_url":"https:\/\/www.gruene-hessen.de\/partei\/author\/mhamer\/","title":"Windenergieanlagen bei Lorch: Es bleibt bei der Einzelfallpr\u00fcfung - Landesverband B\u00dcNDNIS 90\/DIE GR\u00dcNEN Hessen","type":"rich","width":600,"height":338,"html":"<blockquote class=\"wp-embedded-content\" data-secret=\"B2Xv52zQsh\"><a href=\"https:\/\/www.gruene-hessen.de\/partei\/presse\/windenergieanlagen-lorch-bleibt-einzelfallpruefung\/\">Windenergieanlagen bei Lorch: Es bleibt bei der Einzelfallpr\u00fcfung<\/a><\/blockquote><iframe sandbox=\"allow-scripts\" security=\"restricted\" src=\"https:\/\/www.gruene-hessen.de\/partei\/presse\/windenergieanlagen-lorch-bleibt-einzelfallpruefung\/embed\/#?secret=B2Xv52zQsh\" width=\"600\" height=\"338\" title=\"&#8222;Windenergieanlagen bei Lorch: Es bleibt bei der Einzelfallpr\u00fcfung&#8220; &#8211; Landesverband B\u00dcNDNIS 90\/DIE GR\u00dcNEN Hessen\" data-secret=\"B2Xv52zQsh\" frameborder=\"0\" marginwidth=\"0\" marginheight=\"0\" scrolling=\"no\" class=\"wp-embedded-content\"><\/iframe><script type=\"text\/javascript\">\n\/* <![CDATA[ *\/\n\/*! This file is auto-generated *\/\n!function(d,l){\"use strict\";l.querySelector&&d.addEventListener&&\"undefined\"!=typeof URL&&(d.wp=d.wp||{},d.wp.receiveEmbedMessage||(d.wp.receiveEmbedMessage=function(e){var t=e.data;if((t||t.secret||t.message||t.value)&&!\/[^a-zA-Z0-9]\/.test(t.secret)){for(var s,r,n,a=l.querySelectorAll('iframe[data-secret=\"'+t.secret+'\"]'),o=l.querySelectorAll('blockquote[data-secret=\"'+t.secret+'\"]'),c=new RegExp(\"^https?:$\",\"i\"),i=0;i<o.length;i++)o[i].style.display=\"none\";for(i=0;i<a.length;i++)s=a[i],e.source===s.contentWindow&&(s.removeAttribute(\"style\"),\"height\"===t.message?(1e3<(r=parseInt(t.value,10))?r=1e3:~~r<200&&(r=200),s.height=r):\"link\"===t.message&&(r=new URL(s.getAttribute(\"src\")),n=new URL(t.value),c.test(n.protocol))&&n.host===r.host&&l.activeElement===s&&(d.top.location.href=t.value))}},d.addEventListener(\"message\",d.wp.receiveEmbedMessage,!1),l.addEventListener(\"DOMContentLoaded\",function(){for(var e,t,s=l.querySelectorAll(\"iframe.wp-embedded-content\"),r=0;r<s.length;r++)(t=(e=s[r]).getAttribute(\"data-secret\"))||(t=Math.random().toString(36).substring(2,12),e.src+=\"#?secret=\"+t,e.setAttribute(\"data-secret\",t)),e.contentWindow.postMessage({message:\"ready\",secret:t},\"*\")},!1)))}(window,document);\n\/\/# sourceURL=https:\/\/www.gruene-hessen.de\/partei\/wp-includes\/js\/wp-embed.min.js\n\/* ]]> *\/\n<\/script>\n","description":"Die hessischen GR\u00dcNEN bekr\u00e4ftigen, dass m\u00f6gliche Windkraftstandorte im Einzelfall gepr\u00fcft werden. Das gelte selbstverst\u00e4ndlich auch f\u00fcr den Standort Lorch und sei vor wenigen Wochen ja auch vom zust\u00e4ndigen hessischen Energieminister Tarek Al-Wazir im Plenum des Landtags bekr\u00e4ftigt worden. \u201eDie Ank\u00fcndigung des Chefs der Staatskanzlei in einem Schreiben an eine B\u00fcrgerinitiative im Rheingau\u201a \u201amit \u00e4u\u00dferstem Nachdruck\u2018 [&hellip;]"}