{"version":"1.0","provider_name":"Landesverband B\u00dcNDNIS 90\/DIE GR\u00dcNEN Hessen","provider_url":"https:\/\/www.gruene-hessen.de\/partei","author_name":"Till Haupt","author_url":"https:\/\/www.gruene-hessen.de\/partei\/author\/t-haupt\/","title":"Politbarometer: Gr\u00fcn statt GroKo \u2013 Vernunft statt Populismus - Landesverband B\u00dcNDNIS 90\/DIE GR\u00dcNEN Hessen","type":"rich","width":600,"height":338,"html":"<blockquote class=\"wp-embedded-content\" data-secret=\"9g6ZaMAr4u\"><a href=\"https:\/\/www.gruene-hessen.de\/partei\/presse\/politbarometer-gruen-statt-groko-vernunft\/\">Politbarometer: Gr\u00fcn statt GroKo \u2013 Vernunft statt Populismus<\/a><\/blockquote><iframe sandbox=\"allow-scripts\" security=\"restricted\" src=\"https:\/\/www.gruene-hessen.de\/partei\/presse\/politbarometer-gruen-statt-groko-vernunft\/embed\/#?secret=9g6ZaMAr4u\" width=\"600\" height=\"338\" title=\"&#8222;Politbarometer: Gr\u00fcn statt GroKo \u2013 Vernunft statt Populismus&#8220; &#8211; Landesverband B\u00dcNDNIS 90\/DIE GR\u00dcNEN Hessen\" data-secret=\"9g6ZaMAr4u\" frameborder=\"0\" marginwidth=\"0\" marginheight=\"0\" scrolling=\"no\" class=\"wp-embedded-content\"><\/iframe><script type=\"text\/javascript\">\n\/* <![CDATA[ *\/\n\/*! This file is auto-generated *\/\n!function(d,l){\"use strict\";l.querySelector&&d.addEventListener&&\"undefined\"!=typeof URL&&(d.wp=d.wp||{},d.wp.receiveEmbedMessage||(d.wp.receiveEmbedMessage=function(e){var t=e.data;if((t||t.secret||t.message||t.value)&&!\/[^a-zA-Z0-9]\/.test(t.secret)){for(var s,r,n,a=l.querySelectorAll('iframe[data-secret=\"'+t.secret+'\"]'),o=l.querySelectorAll('blockquote[data-secret=\"'+t.secret+'\"]'),c=new RegExp(\"^https?:$\",\"i\"),i=0;i<o.length;i++)o[i].style.display=\"none\";for(i=0;i<a.length;i++)s=a[i],e.source===s.contentWindow&&(s.removeAttribute(\"style\"),\"height\"===t.message?(1e3<(r=parseInt(t.value,10))?r=1e3:~~r<200&&(r=200),s.height=r):\"link\"===t.message&&(r=new URL(s.getAttribute(\"src\")),n=new URL(t.value),c.test(n.protocol))&&n.host===r.host&&l.activeElement===s&&(d.top.location.href=t.value))}},d.addEventListener(\"message\",d.wp.receiveEmbedMessage,!1),l.addEventListener(\"DOMContentLoaded\",function(){for(var e,t,s=l.querySelectorAll(\"iframe.wp-embedded-content\"),r=0;r<s.length;r++)(t=(e=s[r]).getAttribute(\"data-secret\"))||(t=Math.random().toString(36).substring(2,12),e.src+=\"#?secret=\"+t,e.setAttribute(\"data-secret\",t)),e.contentWindow.postMessage({message:\"ready\",secret:t},\"*\")},!1)))}(window,document);\n\/\/# sourceURL=https:\/\/www.gruene-hessen.de\/partei\/wp-includes\/js\/wp-embed.min.js\n\/* ]]> *\/\n<\/script>\n","thumbnail_url":"https:\/\/www.gruene-hessen.de\/partei\/files\/2018\/08\/Spikas-Website-Vorschau.jpg","thumbnail_width":1080,"thumbnail_height":1080,"description":"Die GR\u00dcNEN nehmen die Werte des heute ver\u00f6ffentlichten Politbarometers als Ansporn f\u00fcr die Schlussphase des Wahlkampfes: \u201eEs gibt weiteren Schwung f\u00fcr den Schlussspurt, dass unser Kurs der Eigenst\u00e4ndigkeit und der klaren Botschaften bei den W\u00e4hlerinnen und W\u00e4hlern ankommt. Unser Ziel ist aber nicht, in Umfragen zu gl\u00e4nzen; wir wollen am Wahlsonntag m\u00f6glichst stark werden, damit [&hellip;]"}