{"version":"1.0","provider_name":"Landesverband B\u00dcNDNIS 90\/DIE GR\u00dcNEN Hessen","provider_url":"https:\/\/www.gruene-hessen.de\/partei","author_name":"Christian Jung","author_url":"https:\/\/www.gruene-hessen.de\/partei\/author\/christian\/","title":"JA ZUM AUSSTIEG \u2013 ENDLICH! Einstimmiger Beschluss des Landesvorstands am 21. Juni 2011 in Darmstadt - Landesverband B\u00dcNDNIS 90\/DIE GR\u00dcNEN Hessen","type":"rich","width":600,"height":338,"html":"<blockquote class=\"wp-embedded-content\" data-secret=\"1TkUc7lVWC\"><a href=\"https:\/\/www.gruene-hessen.de\/partei\/presse\/ja-zum-ausstieg-endl\/\">JA ZUM AUSSTIEG \u2013 ENDLICH! Einstimmiger Beschluss des Landesvorstands am 21. Juni 2011 in Darmstadt<\/a><\/blockquote><iframe sandbox=\"allow-scripts\" security=\"restricted\" src=\"https:\/\/www.gruene-hessen.de\/partei\/presse\/ja-zum-ausstieg-endl\/embed\/#?secret=1TkUc7lVWC\" width=\"600\" height=\"338\" title=\"&#8222;JA ZUM AUSSTIEG \u2013 ENDLICH! Einstimmiger Beschluss des Landesvorstands am 21. Juni 2011 in Darmstadt&#8220; &#8211; Landesverband B\u00dcNDNIS 90\/DIE GR\u00dcNEN Hessen\" data-secret=\"1TkUc7lVWC\" frameborder=\"0\" marginwidth=\"0\" marginheight=\"0\" scrolling=\"no\" class=\"wp-embedded-content\"><\/iframe><script type=\"text\/javascript\">\n\/* <![CDATA[ *\/\n\/*! This file is auto-generated *\/\n!function(d,l){\"use strict\";l.querySelector&&d.addEventListener&&\"undefined\"!=typeof URL&&(d.wp=d.wp||{},d.wp.receiveEmbedMessage||(d.wp.receiveEmbedMessage=function(e){var t=e.data;if((t||t.secret||t.message||t.value)&&!\/[^a-zA-Z0-9]\/.test(t.secret)){for(var s,r,n,a=l.querySelectorAll('iframe[data-secret=\"'+t.secret+'\"]'),o=l.querySelectorAll('blockquote[data-secret=\"'+t.secret+'\"]'),c=new RegExp(\"^https?:$\",\"i\"),i=0;i<o.length;i++)o[i].style.display=\"none\";for(i=0;i<a.length;i++)s=a[i],e.source===s.contentWindow&&(s.removeAttribute(\"style\"),\"height\"===t.message?(1e3<(r=parseInt(t.value,10))?r=1e3:~~r<200&&(r=200),s.height=r):\"link\"===t.message&&(r=new URL(s.getAttribute(\"src\")),n=new URL(t.value),c.test(n.protocol))&&n.host===r.host&&l.activeElement===s&&(d.top.location.href=t.value))}},d.addEventListener(\"message\",d.wp.receiveEmbedMessage,!1),l.addEventListener(\"DOMContentLoaded\",function(){for(var e,t,s=l.querySelectorAll(\"iframe.wp-embedded-content\"),r=0;r<s.length;r++)(t=(e=s[r]).getAttribute(\"data-secret\"))||(t=Math.random().toString(36).substring(2,12),e.src+=\"#?secret=\"+t,e.setAttribute(\"data-secret\",t)),e.contentWindow.postMessage({message:\"ready\",secret:t},\"*\")},!1)))}(window,document);\n\/\/# sourceURL=https:\/\/www.gruene-hessen.de\/partei\/wp-includes\/js\/wp-embed.min.js\n\/* ]]> *\/\n<\/script>\n","description":"Der Landesvorstand von B\u00dcNDNIS 90\/DIE GR\u00dcNEN Hessen begr\u00fc\u00dft und unterst\u00fctzt den Leitantrag des Bundesvorstands \u201eEnergiewende in Deutschland \u2013 GR\u00dcN geht voran\u201c vom 17. Juni 2011. Endlich \u2013 31 Jahre nach Gr\u00fcndung der Gr\u00fcnen ist absehbar, dass das Atomzeitalter in Deutschland zu Ende geht! Schrecklich ist, dass f\u00fcr diesen Ausstieg erst ein GAU in Fukushima n\u00f6tig war. Dieser Atomausstieg ist, bei allen Defiziten, ein historischer Erfolg, den die Anti-Atom-Bewegung und B\u00dcNDNIS 90\/DIE GR\u00dcNEN erzielt haben. Er beendet einen gesellschaftlichen Gro\u00dfkonflikt, der gegen die Atomparteien FDP und CDU\/CSU und lange Zeit auch gegen weite Teile der SPD gef\u00fchrt werden musste. Dieser Erfolg ist unser Erfolg!"}