{"version":"1.0","provider_name":"Landesverband B\u00dcNDNIS 90\/DIE GR\u00dcNEN Hessen","provider_url":"https:\/\/www.gruene-hessen.de\/partei","author_name":"Marcel Hamer","author_url":"https:\/\/www.gruene-hessen.de\/partei\/author\/mhamer\/","title":"Hessens GR\u00dcNE gratulieren s\u00e4chsischen GR\u00dcNEN zum Wiedereinzug - Landesverband B\u00dcNDNIS 90\/DIE GR\u00dcNEN Hessen","type":"rich","width":600,"height":338,"html":"<blockquote class=\"wp-embedded-content\" data-secret=\"CbeoOhmiva\"><a href=\"https:\/\/www.gruene-hessen.de\/partei\/presse\/hessens-gruene-gratu-5\/\">Hessens GR\u00dcNE gratulieren s\u00e4chsischen GR\u00dcNEN zum Wiedereinzug<\/a><\/blockquote><iframe sandbox=\"allow-scripts\" security=\"restricted\" src=\"https:\/\/www.gruene-hessen.de\/partei\/presse\/hessens-gruene-gratu-5\/embed\/#?secret=CbeoOhmiva\" width=\"600\" height=\"338\" title=\"&#8222;Hessens GR\u00dcNE gratulieren s\u00e4chsischen GR\u00dcNEN zum Wiedereinzug&#8220; &#8211; Landesverband B\u00dcNDNIS 90\/DIE GR\u00dcNEN Hessen\" data-secret=\"CbeoOhmiva\" frameborder=\"0\" marginwidth=\"0\" marginheight=\"0\" scrolling=\"no\" class=\"wp-embedded-content\"><\/iframe><script type=\"text\/javascript\">\n\/* <![CDATA[ *\/\n\/*! This file is auto-generated *\/\n!function(d,l){\"use strict\";l.querySelector&&d.addEventListener&&\"undefined\"!=typeof URL&&(d.wp=d.wp||{},d.wp.receiveEmbedMessage||(d.wp.receiveEmbedMessage=function(e){var t=e.data;if((t||t.secret||t.message||t.value)&&!\/[^a-zA-Z0-9]\/.test(t.secret)){for(var s,r,n,a=l.querySelectorAll('iframe[data-secret=\"'+t.secret+'\"]'),o=l.querySelectorAll('blockquote[data-secret=\"'+t.secret+'\"]'),c=new RegExp(\"^https?:$\",\"i\"),i=0;i<o.length;i++)o[i].style.display=\"none\";for(i=0;i<a.length;i++)s=a[i],e.source===s.contentWindow&&(s.removeAttribute(\"style\"),\"height\"===t.message?(1e3<(r=parseInt(t.value,10))?r=1e3:~~r<200&&(r=200),s.height=r):\"link\"===t.message&&(r=new URL(s.getAttribute(\"src\")),n=new URL(t.value),c.test(n.protocol))&&n.host===r.host&&l.activeElement===s&&(d.top.location.href=t.value))}},d.addEventListener(\"message\",d.wp.receiveEmbedMessage,!1),l.addEventListener(\"DOMContentLoaded\",function(){for(var e,t,s=l.querySelectorAll(\"iframe.wp-embedded-content\"),r=0;r<s.length;r++)(t=(e=s[r]).getAttribute(\"data-secret\"))||(t=Math.random().toString(36).substring(2,12),e.src+=\"#?secret=\"+t,e.setAttribute(\"data-secret\",t)),e.contentWindow.postMessage({message:\"ready\",secret:t},\"*\")},!1)))}(window,document);\n\/\/# sourceURL=https:\/\/www.gruene-hessen.de\/partei\/wp-includes\/js\/wp-embed.min.js\n\/* ]]> *\/\n<\/script>\n","description":"Die hessischen GR\u00dcNEN gratulieren ihren Parteifreunden aus Sachsen zum Wiedereinzug in den Landtag. \u201eAntje Hermenau und die s\u00e4chsischen GR\u00dcNEN haben einen engagierten Wahlkampf gef\u00fchrt und sich den Wiedereinzug in den Landtag redlich verdient. Die GR\u00dcNEN haben in Sachsen einen Kurs der Eigenst\u00e4ndigkeit verfolgt und auf Inhalte gesetzt. Genau auf diese Inhalte wird es jetzt auch [&hellip;]"}