{"version":"1.0","provider_name":"Landesverband B\u00dcNDNIS 90\/DIE GR\u00dcNEN Hessen","provider_url":"https:\/\/www.gruene-hessen.de\/partei","author_name":"Till Haupt","author_url":"https:\/\/www.gruene-hessen.de\/partei\/author\/t-haupt\/","title":"\u201eHeimat? Nat\u00fcrlich!\u201c und \u201eTarek statt GroKo\u201c: GR\u00dcNE Schlussphasenplakatierung mit Al-Wazir und f\u00fcr die offene und vielf\u00e4ltige Gesellschaft - Landesverband B\u00dcNDNIS 90\/DIE GR\u00dcNEN Hessen","type":"rich","width":600,"height":338,"html":"<blockquote class=\"wp-embedded-content\" data-secret=\"9KWEbZXA47\"><a href=\"https:\/\/www.gruene-hessen.de\/partei\/presse\/heimat-natuerlich-tarek-statt\/\">\u201eHeimat? Nat\u00fcrlich!\u201c und \u201eTarek statt GroKo\u201c: GR\u00dcNE Schlussphasenplakatierung mit Al-Wazir und f\u00fcr die offene und vielf\u00e4ltige Gesellschaft<\/a><\/blockquote><iframe sandbox=\"allow-scripts\" security=\"restricted\" src=\"https:\/\/www.gruene-hessen.de\/partei\/presse\/heimat-natuerlich-tarek-statt\/embed\/#?secret=9KWEbZXA47\" width=\"600\" height=\"338\" title=\"&#8222;\u201eHeimat? Nat\u00fcrlich!\u201c und \u201eTarek statt GroKo\u201c: GR\u00dcNE Schlussphasenplakatierung mit Al-Wazir und f\u00fcr die offene und vielf\u00e4ltige Gesellschaft&#8220; &#8211; Landesverband B\u00dcNDNIS 90\/DIE GR\u00dcNEN Hessen\" data-secret=\"9KWEbZXA47\" frameborder=\"0\" marginwidth=\"0\" marginheight=\"0\" scrolling=\"no\" class=\"wp-embedded-content\"><\/iframe><script type=\"text\/javascript\">\n\/* <![CDATA[ *\/\n\/*! This file is auto-generated *\/\n!function(d,l){\"use strict\";l.querySelector&&d.addEventListener&&\"undefined\"!=typeof URL&&(d.wp=d.wp||{},d.wp.receiveEmbedMessage||(d.wp.receiveEmbedMessage=function(e){var t=e.data;if((t||t.secret||t.message||t.value)&&!\/[^a-zA-Z0-9]\/.test(t.secret)){for(var s,r,n,a=l.querySelectorAll('iframe[data-secret=\"'+t.secret+'\"]'),o=l.querySelectorAll('blockquote[data-secret=\"'+t.secret+'\"]'),c=new RegExp(\"^https?:$\",\"i\"),i=0;i<o.length;i++)o[i].style.display=\"none\";for(i=0;i<a.length;i++)s=a[i],e.source===s.contentWindow&&(s.removeAttribute(\"style\"),\"height\"===t.message?(1e3<(r=parseInt(t.value,10))?r=1e3:~~r<200&&(r=200),s.height=r):\"link\"===t.message&&(r=new URL(s.getAttribute(\"src\")),n=new URL(t.value),c.test(n.protocol))&&n.host===r.host&&l.activeElement===s&&(d.top.location.href=t.value))}},d.addEventListener(\"message\",d.wp.receiveEmbedMessage,!1),l.addEventListener(\"DOMContentLoaded\",function(){for(var e,t,s=l.querySelectorAll(\"iframe.wp-embedded-content\"),r=0;r<s.length;r++)(t=(e=s[r]).getAttribute(\"data-secret\"))||(t=Math.random().toString(36).substring(2,12),e.src+=\"#?secret=\"+t,e.setAttribute(\"data-secret\",t)),e.contentWindow.postMessage({message:\"ready\",secret:t},\"*\")},!1)))}(window,document);\n\/\/# sourceURL=https:\/\/www.gruene-hessen.de\/partei\/wp-includes\/js\/wp-embed.min.js\n\/* ]]> *\/\n<\/script>\n","thumbnail_url":"https:\/\/www.gruene-hessen.de\/partei\/files\/2018\/10\/Grossfl\u00e4che-Heimat-5729.jpg","thumbnail_width":600,"thumbnail_height":390,"description":"Die hessischen GR\u00dcNEN haben heute ihre Gro\u00dffl\u00e4chenplakate f\u00fcr die letzten beiden Wochen bis zur Landtagswahl am 28. Oktober vorgestellt. \u201eJeder Mensch hat das Recht auf ein Zuhause \u2013 deshalb streiten wir f\u00fcr bessere Lebensbedingungen und eine intakte Umwelt f\u00fcr alle, f\u00fcr gleiche Chancen und eine weltoffene Gesellschaft. Und wir setzen uns mit ganzer Kraft daf\u00fcr [&hellip;]"}