{"version":"1.0","provider_name":"Landesverband B\u00dcNDNIS 90\/DIE GR\u00dcNEN Hessen","provider_url":"https:\/\/www.gruene-hessen.de\/partei","author_name":"uphoff","author_url":"https:\/\/www.gruene-hessen.de\/partei\/author\/uphoff\/","title":"Gr\u00fcner Landesparteitag am 11. Juni 2022 in Bad Hersfeld - Landesverband B\u00dcNDNIS 90\/DIE GR\u00dcNEN Hessen","type":"rich","width":600,"height":338,"html":"<blockquote class=\"wp-embedded-content\" data-secret=\"zHSzhPw5a0\"><a href=\"https:\/\/www.gruene-hessen.de\/partei\/presse\/gruener-landespartei-2\/\">Gr\u00fcner Landesparteitag am 11. Juni 2022 in Bad Hersfeld<\/a><\/blockquote><iframe sandbox=\"allow-scripts\" security=\"restricted\" src=\"https:\/\/www.gruene-hessen.de\/partei\/presse\/gruener-landespartei-2\/embed\/#?secret=zHSzhPw5a0\" width=\"600\" height=\"338\" title=\"&#8222;Gr\u00fcner Landesparteitag am 11. Juni 2022 in Bad Hersfeld&#8220; &#8211; Landesverband B\u00dcNDNIS 90\/DIE GR\u00dcNEN Hessen\" data-secret=\"zHSzhPw5a0\" frameborder=\"0\" marginwidth=\"0\" marginheight=\"0\" scrolling=\"no\" class=\"wp-embedded-content\"><\/iframe><script type=\"text\/javascript\">\n\/* <![CDATA[ *\/\n\/*! This file is auto-generated *\/\n!function(d,l){\"use strict\";l.querySelector&&d.addEventListener&&\"undefined\"!=typeof URL&&(d.wp=d.wp||{},d.wp.receiveEmbedMessage||(d.wp.receiveEmbedMessage=function(e){var t=e.data;if((t||t.secret||t.message||t.value)&&!\/[^a-zA-Z0-9]\/.test(t.secret)){for(var s,r,n,a=l.querySelectorAll('iframe[data-secret=\"'+t.secret+'\"]'),o=l.querySelectorAll('blockquote[data-secret=\"'+t.secret+'\"]'),c=new RegExp(\"^https?:$\",\"i\"),i=0;i<o.length;i++)o[i].style.display=\"none\";for(i=0;i<a.length;i++)s=a[i],e.source===s.contentWindow&&(s.removeAttribute(\"style\"),\"height\"===t.message?(1e3<(r=parseInt(t.value,10))?r=1e3:~~r<200&&(r=200),s.height=r):\"link\"===t.message&&(r=new URL(s.getAttribute(\"src\")),n=new URL(t.value),c.test(n.protocol))&&n.host===r.host&&l.activeElement===s&&(d.top.location.href=t.value))}},d.addEventListener(\"message\",d.wp.receiveEmbedMessage,!1),l.addEventListener(\"DOMContentLoaded\",function(){for(var e,t,s=l.querySelectorAll(\"iframe.wp-embedded-content\"),r=0;r<s.length;r++)(t=(e=s[r]).getAttribute(\"data-secret\"))||(t=Math.random().toString(36).substring(2,12),e.src+=\"#?secret=\"+t,e.setAttribute(\"data-secret\",t)),e.contentWindow.postMessage({message:\"ready\",secret:t},\"*\")},!1)))}(window,document);\n\/\/# sourceURL=https:\/\/www.gruene-hessen.de\/partei\/wp-includes\/js\/wp-embed.min.js\n\/* ]]> *\/\n<\/script>\n","description":"Ver\u00e4nderung braucht Halt \u2013 Halt braucht Ver\u00e4nderung\u00a0 Mit unserem Leitantrag \u201eVer\u00e4nderung braucht Halt. Halt braucht Ver\u00e4nderung\u201c, er\u00f6ffnen wir, B\u00dcNDNIS 90\/ DIE GR\u00dcNEN HESSEN,\u00a0bei unserem Landesparteitag am 11. Juni 2022 den Dreikampf um die Staatskanzlei. \u201eWir haben bei der n\u00e4chsten Landtagswahl die nie dagewesene\u00a0Chance, st\u00e4rkste politische Kraft\u00a0zu werden. Wir k\u00f6nnen die n\u00e4chste Regierungskoalition anf\u00fchren\u201c, sagten die [&hellip;]"}