{"version":"1.0","provider_name":"Landesverband B\u00dcNDNIS 90\/DIE GR\u00dcNEN Hessen","provider_url":"https:\/\/www.gruene-hessen.de\/partei","author_name":"Till Haupt","author_url":"https:\/\/www.gruene-hessen.de\/partei\/author\/t-haupt\/","title":"GR\u00dcNE gratulieren Volker Bouffier zur Wiederwahl als CDU-Vorsitzender - Landesverband B\u00dcNDNIS 90\/DIE GR\u00dcNEN Hessen","type":"rich","width":600,"height":338,"html":"<blockquote class=\"wp-embedded-content\" data-secret=\"XiQGHGI4Mo\"><a href=\"https:\/\/www.gruene-hessen.de\/partei\/presse\/gruene-gratulieren-v\/\">GR\u00dcNE gratulieren Volker Bouffier zur Wiederwahl als CDU-Vorsitzender<\/a><\/blockquote><iframe sandbox=\"allow-scripts\" security=\"restricted\" src=\"https:\/\/www.gruene-hessen.de\/partei\/presse\/gruene-gratulieren-v\/embed\/#?secret=XiQGHGI4Mo\" width=\"600\" height=\"338\" title=\"&#8222;GR\u00dcNE gratulieren Volker Bouffier zur Wiederwahl als CDU-Vorsitzender&#8220; &#8211; Landesverband B\u00dcNDNIS 90\/DIE GR\u00dcNEN Hessen\" data-secret=\"XiQGHGI4Mo\" frameborder=\"0\" marginwidth=\"0\" marginheight=\"0\" scrolling=\"no\" class=\"wp-embedded-content\"><\/iframe><script type=\"text\/javascript\">\n\/* <![CDATA[ *\/\n\/*! This file is auto-generated *\/\n!function(d,l){\"use strict\";l.querySelector&&d.addEventListener&&\"undefined\"!=typeof URL&&(d.wp=d.wp||{},d.wp.receiveEmbedMessage||(d.wp.receiveEmbedMessage=function(e){var t=e.data;if((t||t.secret||t.message||t.value)&&!\/[^a-zA-Z0-9]\/.test(t.secret)){for(var s,r,n,a=l.querySelectorAll('iframe[data-secret=\"'+t.secret+'\"]'),o=l.querySelectorAll('blockquote[data-secret=\"'+t.secret+'\"]'),c=new RegExp(\"^https?:$\",\"i\"),i=0;i<o.length;i++)o[i].style.display=\"none\";for(i=0;i<a.length;i++)s=a[i],e.source===s.contentWindow&&(s.removeAttribute(\"style\"),\"height\"===t.message?(1e3<(r=parseInt(t.value,10))?r=1e3:~~r<200&&(r=200),s.height=r):\"link\"===t.message&&(r=new URL(s.getAttribute(\"src\")),n=new URL(t.value),c.test(n.protocol))&&n.host===r.host&&l.activeElement===s&&(d.top.location.href=t.value))}},d.addEventListener(\"message\",d.wp.receiveEmbedMessage,!1),l.addEventListener(\"DOMContentLoaded\",function(){for(var e,t,s=l.querySelectorAll(\"iframe.wp-embedded-content\"),r=0;r<s.length;r++)(t=(e=s[r]).getAttribute(\"data-secret\"))||(t=Math.random().toString(36).substring(2,12),e.src+=\"#?secret=\"+t,e.setAttribute(\"data-secret\",t)),e.contentWindow.postMessage({message:\"ready\",secret:t},\"*\")},!1)))}(window,document);\n\/\/# sourceURL=https:\/\/www.gruene-hessen.de\/partei\/wp-includes\/js\/wp-embed.min.js\n\/* ]]> *\/\n<\/script>\n","description":"Die hessischen Landesvorsitzenden von B\u00dcNDNIS 90\/DIE GR\u00dcNEN, Daniela Wagner und Kai Klose, gratulieren Volker Bouffier herzlich zu seiner Wiederwahl als Vorsitzender der hessischen CDU. \u201eWir freuen uns, dass er das gro\u00dfe Vertrauen seiner Partei genie\u00dft und werten seine Wiederwahl auch als Zeichen der Unterst\u00fctzung f\u00fcr den Kurs der Koalition, die die hessische CDU unter Bouffiers [&hellip;]"}