{"version":"1.0","provider_name":"Landesverband B\u00dcNDNIS 90\/DIE GR\u00dcNEN Hessen","provider_url":"https:\/\/www.gruene-hessen.de\/partei","author_name":"uphoff","author_url":"https:\/\/www.gruene-hessen.de\/partei\/author\/uphoff\/","title":"GR\u00dcNE bei Kommunalwahl auf Liste 2 - Landesverband B\u00dcNDNIS 90\/DIE GR\u00dcNEN Hessen","type":"rich","width":600,"height":338,"html":"<blockquote class=\"wp-embedded-content\" data-secret=\"JFkU3UkIAA\"><a href=\"https:\/\/www.gruene-hessen.de\/partei\/presse\/gruene-bei-kommunalw\/\">GR\u00dcNE bei Kommunalwahl auf Liste 2<\/a><\/blockquote><iframe sandbox=\"allow-scripts\" security=\"restricted\" src=\"https:\/\/www.gruene-hessen.de\/partei\/presse\/gruene-bei-kommunalw\/embed\/#?secret=JFkU3UkIAA\" width=\"600\" height=\"338\" title=\"&#8222;GR\u00dcNE bei Kommunalwahl auf Liste 2&#8220; &#8211; Landesverband B\u00dcNDNIS 90\/DIE GR\u00dcNEN Hessen\" data-secret=\"JFkU3UkIAA\" frameborder=\"0\" marginwidth=\"0\" marginheight=\"0\" scrolling=\"no\" class=\"wp-embedded-content\"><\/iframe><script type=\"text\/javascript\">\n\/* <![CDATA[ *\/\n\/*! This file is auto-generated *\/\n!function(d,l){\"use strict\";l.querySelector&&d.addEventListener&&\"undefined\"!=typeof URL&&(d.wp=d.wp||{},d.wp.receiveEmbedMessage||(d.wp.receiveEmbedMessage=function(e){var t=e.data;if((t||t.secret||t.message||t.value)&&!\/[^a-zA-Z0-9]\/.test(t.secret)){for(var s,r,n,a=l.querySelectorAll('iframe[data-secret=\"'+t.secret+'\"]'),o=l.querySelectorAll('blockquote[data-secret=\"'+t.secret+'\"]'),c=new RegExp(\"^https?:$\",\"i\"),i=0;i<o.length;i++)o[i].style.display=\"none\";for(i=0;i<a.length;i++)s=a[i],e.source===s.contentWindow&&(s.removeAttribute(\"style\"),\"height\"===t.message?(1e3<(r=parseInt(t.value,10))?r=1e3:~~r<200&&(r=200),s.height=r):\"link\"===t.message&&(r=new URL(s.getAttribute(\"src\")),n=new URL(t.value),c.test(n.protocol))&&n.host===r.host&&l.activeElement===s&&(d.top.location.href=t.value))}},d.addEventListener(\"message\",d.wp.receiveEmbedMessage,!1),l.addEventListener(\"DOMContentLoaded\",function(){for(var e,t,s=l.querySelectorAll(\"iframe.wp-embedded-content\"),r=0;r<s.length;r++)(t=(e=s[r]).getAttribute(\"data-secret\"))||(t=Math.random().toString(36).substring(2,12),e.src+=\"#?secret=\"+t,e.setAttribute(\"data-secret\",t)),e.contentWindow.postMessage({message:\"ready\",secret:t},\"*\")},!1)))}(window,document);\n\/\/# sourceURL=https:\/\/www.gruene-hessen.de\/partei\/wp-includes\/js\/wp-embed.min.js\n\/* ]]> *\/\n<\/script>\n","description":"Bei der Kommunalwahl am 14. M\u00e4rz dieses Jahres k\u00e4mpfen wir darum, landesweit zweitst\u00e4rkste Kraft in Hessen und in den Gro\u00dfst\u00e4dten st\u00e4rkste Kraft zu werden, um auch vor Ort in den Kommunen den Aufbruch in ein Jahrzehnt des \u00f6kologischen und sozialen Aufbruchs gestalten zu k\u00f6nnen. Die beiden GR\u00dcNEN Landesvorsitzenden Sigrid Erfurth und Philip Kr\u00e4mer: \u201eWir sind [&hellip;]"}