{"version":"1.0","provider_name":"Landesverband B\u00dcNDNIS 90\/DIE GR\u00dcNEN Hessen","provider_url":"https:\/\/www.gruene-hessen.de\/partei","author_name":"sophia","author_url":"https:\/\/www.gruene-hessen.de\/partei\/author\/sophia\/","title":"Erster GR\u00dcNER Oberb\u00fcrgermeister Kassels - Landesverband B\u00dcNDNIS 90\/DIE GR\u00dcNEN Hessen","type":"rich","width":600,"height":338,"html":"<blockquote class=\"wp-embedded-content\" data-secret=\"LaRdj2Nm77\"><a href=\"https:\/\/www.gruene-hessen.de\/partei\/presse\/erster-gruener-oberbuergermeister-kassels\/\">Erster GR\u00dcNER Oberb\u00fcrgermeister Kassels<\/a><\/blockquote><iframe sandbox=\"allow-scripts\" security=\"restricted\" src=\"https:\/\/www.gruene-hessen.de\/partei\/presse\/erster-gruener-oberbuergermeister-kassels\/embed\/#?secret=LaRdj2Nm77\" width=\"600\" height=\"338\" title=\"&#8222;Erster GR\u00dcNER Oberb\u00fcrgermeister Kassels&#8220; &#8211; Landesverband B\u00dcNDNIS 90\/DIE GR\u00dcNEN Hessen\" data-secret=\"LaRdj2Nm77\" frameborder=\"0\" marginwidth=\"0\" marginheight=\"0\" scrolling=\"no\" class=\"wp-embedded-content\"><\/iframe><script type=\"text\/javascript\">\n\/* <![CDATA[ *\/\n\/*! This file is auto-generated *\/\n!function(d,l){\"use strict\";l.querySelector&&d.addEventListener&&\"undefined\"!=typeof URL&&(d.wp=d.wp||{},d.wp.receiveEmbedMessage||(d.wp.receiveEmbedMessage=function(e){var t=e.data;if((t||t.secret||t.message||t.value)&&!\/[^a-zA-Z0-9]\/.test(t.secret)){for(var s,r,n,a=l.querySelectorAll('iframe[data-secret=\"'+t.secret+'\"]'),o=l.querySelectorAll('blockquote[data-secret=\"'+t.secret+'\"]'),c=new RegExp(\"^https?:$\",\"i\"),i=0;i<o.length;i++)o[i].style.display=\"none\";for(i=0;i<a.length;i++)s=a[i],e.source===s.contentWindow&&(s.removeAttribute(\"style\"),\"height\"===t.message?(1e3<(r=parseInt(t.value,10))?r=1e3:~~r<200&&(r=200),s.height=r):\"link\"===t.message&&(r=new URL(s.getAttribute(\"src\")),n=new URL(t.value),c.test(n.protocol))&&n.host===r.host&&l.activeElement===s&&(d.top.location.href=t.value))}},d.addEventListener(\"message\",d.wp.receiveEmbedMessage,!1),l.addEventListener(\"DOMContentLoaded\",function(){for(var e,t,s=l.querySelectorAll(\"iframe.wp-embedded-content\"),r=0;r<s.length;r++)(t=(e=s[r]).getAttribute(\"data-secret\"))||(t=Math.random().toString(36).substring(2,12),e.src+=\"#?secret=\"+t,e.setAttribute(\"data-secret\",t)),e.contentWindow.postMessage({message:\"ready\",secret:t},\"*\")},!1)))}(window,document);\n\/\/# sourceURL=https:\/\/www.gruene-hessen.de\/partei\/wp-includes\/js\/wp-embed.min.js\n\/* ]]> *\/\n<\/script>\n","description":"Zum ersten Mal hat Kassel einen GR\u00dcNEN Oberb\u00fcrgermeister \u2013 eine Premiere. Wir gratulieren Sven Schoeller zu seinem Wahlergebnis und seinem neuen Amt. Sven Schoeller wird weit \u00fcber alle Parteigrenzen hinweg ein Oberb\u00fcrgermeister f\u00fcr alle Menschen in Kassel sein. Wir wissen, dass die B\u00fcrgerinnen und B\u00fcrger Kassels mit ihm ein Stadtoberhaupt bekommen, das mit seinem l\u00f6sungsorientierten [&hellip;]"}