{"version":"1.0","provider_name":"Landesverband B\u00dcNDNIS 90\/DIE GR\u00dcNEN Hessen","provider_url":"https:\/\/www.gruene-hessen.de\/partei","author_name":"Till Haupt","author_url":"https:\/\/www.gruene-hessen.de\/partei\/author\/t-haupt\/","title":"Erste GR\u00dcNE Regierungsbeteiligung 1985: 30 Jahre in Verantwortung f\u00fcr \u00d6kologie, Gerechtigkeit und Freiheit in Hessen - Landesverband B\u00dcNDNIS 90\/DIE GR\u00dcNEN Hessen","type":"rich","width":600,"height":338,"html":"<blockquote class=\"wp-embedded-content\" data-secret=\"TiSJFGpRqn\"><a href=\"https:\/\/www.gruene-hessen.de\/partei\/presse\/erste-gruene-regierungsbeteiligung-1985-2\/\">Erste GR\u00dcNE Regierungsbeteiligung 1985: 30 Jahre in Verantwortung f\u00fcr \u00d6kologie, Gerechtigkeit und Freiheit in Hessen<\/a><\/blockquote><iframe sandbox=\"allow-scripts\" security=\"restricted\" src=\"https:\/\/www.gruene-hessen.de\/partei\/presse\/erste-gruene-regierungsbeteiligung-1985-2\/embed\/#?secret=TiSJFGpRqn\" width=\"600\" height=\"338\" title=\"&#8222;Erste GR\u00dcNE Regierungsbeteiligung 1985: 30 Jahre in Verantwortung f\u00fcr \u00d6kologie, Gerechtigkeit und Freiheit in Hessen&#8220; &#8211; Landesverband B\u00dcNDNIS 90\/DIE GR\u00dcNEN Hessen\" data-secret=\"TiSJFGpRqn\" frameborder=\"0\" marginwidth=\"0\" marginheight=\"0\" scrolling=\"no\" class=\"wp-embedded-content\"><\/iframe><script type=\"text\/javascript\">\n\/* <![CDATA[ *\/\n\/*! This file is auto-generated *\/\n!function(d,l){\"use strict\";l.querySelector&&d.addEventListener&&\"undefined\"!=typeof URL&&(d.wp=d.wp||{},d.wp.receiveEmbedMessage||(d.wp.receiveEmbedMessage=function(e){var t=e.data;if((t||t.secret||t.message||t.value)&&!\/[^a-zA-Z0-9]\/.test(t.secret)){for(var s,r,n,a=l.querySelectorAll('iframe[data-secret=\"'+t.secret+'\"]'),o=l.querySelectorAll('blockquote[data-secret=\"'+t.secret+'\"]'),c=new RegExp(\"^https?:$\",\"i\"),i=0;i<o.length;i++)o[i].style.display=\"none\";for(i=0;i<a.length;i++)s=a[i],e.source===s.contentWindow&&(s.removeAttribute(\"style\"),\"height\"===t.message?(1e3<(r=parseInt(t.value,10))?r=1e3:~~r<200&&(r=200),s.height=r):\"link\"===t.message&&(r=new URL(s.getAttribute(\"src\")),n=new URL(t.value),c.test(n.protocol))&&n.host===r.host&&l.activeElement===s&&(d.top.location.href=t.value))}},d.addEventListener(\"message\",d.wp.receiveEmbedMessage,!1),l.addEventListener(\"DOMContentLoaded\",function(){for(var e,t,s=l.querySelectorAll(\"iframe.wp-embedded-content\"),r=0;r<s.length;r++)(t=(e=s[r]).getAttribute(\"data-secret\"))||(t=Math.random().toString(36).substring(2,12),e.src+=\"#?secret=\"+t,e.setAttribute(\"data-secret\",t)),e.contentWindow.postMessage({message:\"ready\",secret:t},\"*\")},!1)))}(window,document);\n\/\/# sourceURL=https:\/\/www.gruene-hessen.de\/partei\/wp-includes\/js\/wp-embed.min.js\n\/* ]]> *\/\n<\/script>\n","description":"Mit der Vereidigung des ersten GR\u00dcNEN Ministers in einem deutschen Bundesland vor 30 Jahren hat aus Sicht der hessischen GR\u00dcNEN ein Wertewandel in der Politik der Landesregierung Einzug gehalten. \u201eJoschka Fischer war am 12. Dezember 1985 nicht nur der erste Minister, der in Turnschuhen vereidigt wurde. Mit ihm und den GR\u00dcNEN in der Landesregierung hielten [&hellip;]"}