{"version":"1.0","provider_name":"Landesverband B\u00dcNDNIS 90\/DIE GR\u00dcNEN Hessen","provider_url":"https:\/\/www.gruene-hessen.de\/partei","author_name":"uphoff","author_url":"https:\/\/www.gruene-hessen.de\/partei\/author\/uphoff\/","title":"Dammbruch in Th\u00fcringen - Mit Faschisten regiert man immer falsch - Landesverband B\u00dcNDNIS 90\/DIE GR\u00dcNEN Hessen","type":"rich","width":600,"height":338,"html":"<blockquote class=\"wp-embedded-content\" data-secret=\"4vmVOVrfQc\"><a href=\"https:\/\/www.gruene-hessen.de\/partei\/presse\/dammbruch-in-thuerin\/\">Dammbruch in Th\u00fcringen &#8211; Mit Faschisten regiert man immer falsch<\/a><\/blockquote><iframe sandbox=\"allow-scripts\" security=\"restricted\" src=\"https:\/\/www.gruene-hessen.de\/partei\/presse\/dammbruch-in-thuerin\/embed\/#?secret=4vmVOVrfQc\" width=\"600\" height=\"338\" title=\"&#8222;Dammbruch in Th\u00fcringen &#8211; Mit Faschisten regiert man immer falsch&#8220; &#8211; Landesverband B\u00dcNDNIS 90\/DIE GR\u00dcNEN Hessen\" data-secret=\"4vmVOVrfQc\" frameborder=\"0\" marginwidth=\"0\" marginheight=\"0\" scrolling=\"no\" class=\"wp-embedded-content\"><\/iframe><script type=\"text\/javascript\">\n\/* <![CDATA[ *\/\n\/*! This file is auto-generated *\/\n!function(d,l){\"use strict\";l.querySelector&&d.addEventListener&&\"undefined\"!=typeof URL&&(d.wp=d.wp||{},d.wp.receiveEmbedMessage||(d.wp.receiveEmbedMessage=function(e){var t=e.data;if((t||t.secret||t.message||t.value)&&!\/[^a-zA-Z0-9]\/.test(t.secret)){for(var s,r,n,a=l.querySelectorAll('iframe[data-secret=\"'+t.secret+'\"]'),o=l.querySelectorAll('blockquote[data-secret=\"'+t.secret+'\"]'),c=new RegExp(\"^https?:$\",\"i\"),i=0;i<o.length;i++)o[i].style.display=\"none\";for(i=0;i<a.length;i++)s=a[i],e.source===s.contentWindow&&(s.removeAttribute(\"style\"),\"height\"===t.message?(1e3<(r=parseInt(t.value,10))?r=1e3:~~r<200&&(r=200),s.height=r):\"link\"===t.message&&(r=new URL(s.getAttribute(\"src\")),n=new URL(t.value),c.test(n.protocol))&&n.host===r.host&&l.activeElement===s&&(d.top.location.href=t.value))}},d.addEventListener(\"message\",d.wp.receiveEmbedMessage,!1),l.addEventListener(\"DOMContentLoaded\",function(){for(var e,t,s=l.querySelectorAll(\"iframe.wp-embedded-content\"),r=0;r<s.length;r++)(t=(e=s[r]).getAttribute(\"data-secret\"))||(t=Math.random().toString(36).substring(2,12),e.src+=\"#?secret=\"+t,e.setAttribute(\"data-secret\",t)),e.contentWindow.postMessage({message:\"ready\",secret:t},\"*\")},!1)))}(window,document);\n\/\/# sourceURL=https:\/\/www.gruene-hessen.de\/partei\/wp-includes\/js\/wp-embed.min.js\n\/* ]]> *\/\n<\/script>\n","description":"Gestern hat sich Thomas Kemmerich im Th\u00fcringer Landtag mit den Stimmen der faschistischen H\u00f6cke-AfD, FDP und Teilen der CDU zum Ministerpr\u00e4sidenten des Freistaates w\u00e4hlen lassen. Damit wurde erstmals ein taktisches B\u00fcndnis mit der AfD f\u00fcr den eigenen Wahlerfolg genutzt. \u201eDas ist eine Z\u00e4sur. Die gestrige Wahl von Thomas Kemmerich zum Ministerpr\u00e4sidenten von Th\u00fcringen mit den [&hellip;]"}