{"version":"1.0","provider_name":"Landesverband B\u00dcNDNIS 90\/DIE GR\u00dcNEN Hessen","provider_url":"https:\/\/www.gruene-hessen.de\/partei","author_name":"uphoff","author_url":"https:\/\/www.gruene-hessen.de\/partei\/author\/uphoff\/","title":"Bereit, weil ihr es seid: Hessische GR\u00dcNE haben Klimaschutzma\u00dfnahmen noch einmal versch\u00e4rft - Landesverband B\u00dcNDNIS 90\/DIE GR\u00dcNEN Hessen","type":"rich","width":600,"height":338,"html":"<blockquote class=\"wp-embedded-content\" data-secret=\"DREuuitt5v\"><a href=\"https:\/\/www.gruene-hessen.de\/partei\/presse\/bereit-weil-ihr-es-s\/\">Bereit, weil ihr es seid: Hessische GR\u00dcNE haben Klimaschutzma\u00dfnahmen noch einmal versch\u00e4rft<\/a><\/blockquote><iframe sandbox=\"allow-scripts\" security=\"restricted\" src=\"https:\/\/www.gruene-hessen.de\/partei\/presse\/bereit-weil-ihr-es-s\/embed\/#?secret=DREuuitt5v\" width=\"600\" height=\"338\" title=\"&#8222;Bereit, weil ihr es seid: Hessische GR\u00dcNE haben Klimaschutzma\u00dfnahmen noch einmal versch\u00e4rft&#8220; &#8211; Landesverband B\u00dcNDNIS 90\/DIE GR\u00dcNEN Hessen\" data-secret=\"DREuuitt5v\" frameborder=\"0\" marginwidth=\"0\" marginheight=\"0\" scrolling=\"no\" class=\"wp-embedded-content\"><\/iframe><script type=\"text\/javascript\">\n\/* <![CDATA[ *\/\n\/*! This file is auto-generated *\/\n!function(d,l){\"use strict\";l.querySelector&&d.addEventListener&&\"undefined\"!=typeof URL&&(d.wp=d.wp||{},d.wp.receiveEmbedMessage||(d.wp.receiveEmbedMessage=function(e){var t=e.data;if((t||t.secret||t.message||t.value)&&!\/[^a-zA-Z0-9]\/.test(t.secret)){for(var s,r,n,a=l.querySelectorAll('iframe[data-secret=\"'+t.secret+'\"]'),o=l.querySelectorAll('blockquote[data-secret=\"'+t.secret+'\"]'),c=new RegExp(\"^https?:$\",\"i\"),i=0;i<o.length;i++)o[i].style.display=\"none\";for(i=0;i<a.length;i++)s=a[i],e.source===s.contentWindow&&(s.removeAttribute(\"style\"),\"height\"===t.message?(1e3<(r=parseInt(t.value,10))?r=1e3:~~r<200&&(r=200),s.height=r):\"link\"===t.message&&(r=new URL(s.getAttribute(\"src\")),n=new URL(t.value),c.test(n.protocol))&&n.host===r.host&&l.activeElement===s&&(d.top.location.href=t.value))}},d.addEventListener(\"message\",d.wp.receiveEmbedMessage,!1),l.addEventListener(\"DOMContentLoaded\",function(){for(var e,t,s=l.querySelectorAll(\"iframe.wp-embedded-content\"),r=0;r<s.length;r++)(t=(e=s[r]).getAttribute(\"data-secret\"))||(t=Math.random().toString(36).substring(2,12),e.src+=\"#?secret=\"+t,e.setAttribute(\"data-secret\",t)),e.contentWindow.postMessage({message:\"ready\",secret:t},\"*\")},!1)))}(window,document);\n\/\/# sourceURL=https:\/\/www.gruene-hessen.de\/partei\/wp-includes\/js\/wp-embed.min.js\n\/* ]]> *\/\n<\/script>\n","description":"In diesem Jahrzehnt entscheidet sich, ob wir die Klimakrise auf unserem Planeten noch stoppen und die Auswirkungen der Erw\u00e4rmung auf einem stabilen Niveau halten k\u00f6nnen. Die bisherige Klimapolitik der Gro\u00dfen Koalition in Berlin ist absolut unzureichend, um dieses Ziel voranzubringen und macht es seit Jahren den Bundesl\u00e4ndern und Kommunen schwer, eigene Schwerpunkte zu setzen \u2013 [&hellip;]"}