{"version":"1.0","provider_name":"Landesverband B\u00dcNDNIS 90\/DIE GR\u00dcNEN Hessen","provider_url":"https:\/\/www.gruene-hessen.de\/partei","author_name":"Landesverband B\u00dcNDNIS 90\/DIE GR\u00dcNEN Hessen","author_url":"https:\/\/www.gruene-hessen.de\/partei","title":"L\u00e4ndliche R\u00e4ume, Landwirtschaft und Wald - Landesverband B\u00dcNDNIS 90\/DIE GR\u00dcNEN Hessen","type":"rich","width":600,"height":338,"html":"<blockquote class=\"wp-embedded-content\" data-secret=\"8gQXQsiCiT\"><a href=\"https:\/\/www.gruene-hessen.de\/partei\/gremien\/laendlicher-raum-verbraucherschutz-gentechnik\/\">L\u00e4ndliche R\u00e4ume, Landwirtschaft und Wald<\/a><\/blockquote><iframe sandbox=\"allow-scripts\" security=\"restricted\" src=\"https:\/\/www.gruene-hessen.de\/partei\/gremien\/laendlicher-raum-verbraucherschutz-gentechnik\/embed\/#?secret=8gQXQsiCiT\" width=\"600\" height=\"338\" title=\"&#8222;L\u00e4ndliche R\u00e4ume, Landwirtschaft und Wald&#8220; &#8211; Landesverband B\u00dcNDNIS 90\/DIE GR\u00dcNEN Hessen\" data-secret=\"8gQXQsiCiT\" frameborder=\"0\" marginwidth=\"0\" marginheight=\"0\" scrolling=\"no\" class=\"wp-embedded-content\"><\/iframe><script type=\"text\/javascript\">\n\/* <![CDATA[ *\/\n\/*! This file is auto-generated *\/\n!function(d,l){\"use strict\";l.querySelector&&d.addEventListener&&\"undefined\"!=typeof URL&&(d.wp=d.wp||{},d.wp.receiveEmbedMessage||(d.wp.receiveEmbedMessage=function(e){var t=e.data;if((t||t.secret||t.message||t.value)&&!\/[^a-zA-Z0-9]\/.test(t.secret)){for(var s,r,n,a=l.querySelectorAll('iframe[data-secret=\"'+t.secret+'\"]'),o=l.querySelectorAll('blockquote[data-secret=\"'+t.secret+'\"]'),c=new RegExp(\"^https?:$\",\"i\"),i=0;i<o.length;i++)o[i].style.display=\"none\";for(i=0;i<a.length;i++)s=a[i],e.source===s.contentWindow&&(s.removeAttribute(\"style\"),\"height\"===t.message?(1e3<(r=parseInt(t.value,10))?r=1e3:~~r<200&&(r=200),s.height=r):\"link\"===t.message&&(r=new URL(s.getAttribute(\"src\")),n=new URL(t.value),c.test(n.protocol))&&n.host===r.host&&l.activeElement===s&&(d.top.location.href=t.value))}},d.addEventListener(\"message\",d.wp.receiveEmbedMessage,!1),l.addEventListener(\"DOMContentLoaded\",function(){for(var e,t,s=l.querySelectorAll(\"iframe.wp-embedded-content\"),r=0;r<s.length;r++)(t=(e=s[r]).getAttribute(\"data-secret\"))||(t=Math.random().toString(36).substring(2,12),e.src+=\"#?secret=\"+t,e.setAttribute(\"data-secret\",t)),e.contentWindow.postMessage({message:\"ready\",secret:t},\"*\")},!1)))}(window,document);\n\/\/# sourceURL=https:\/\/www.gruene-hessen.de\/partei\/wp-includes\/js\/wp-embed.min.js\n\/* ]]> *\/\n<\/script>\n","thumbnail_url":"https:\/\/www.gruene-hessen.de\/partei\/files\/2012\/08\/gentechnik_pixabay_snail-405384_1280-2-e1464348191394.jpg","thumbnail_width":1280,"thumbnail_height":760,"description":"In dieser LAG stehen die Themen l\u00e4ndliche R\u00e4ume, Landwirtschaft und Wald im Fokus der Arbeit. Welche Themen am pr\u00e4sentesten sind, h\u00e4ngt ganz von Dir, bzw. allen Aktiven der LAG ab. Aktuell bilden landwirtschaftliche Themen einen Schwerpunkt der LAG-Debatte. Umso mehr freuen wir uns, wenn Du Dich mit Deinen Themen, wie zum Beispiel Kultur in l\u00e4ndlichen [&hellip;]"}