{"version":"1.0","provider_name":"Landesverband B\u00dcNDNIS 90\/DIE GR\u00dcNEN Hessen","provider_url":"https:\/\/www.gruene-hessen.de\/partei","author_name":"Marcel Hamer","author_url":"https:\/\/www.gruene-hessen.de\/partei\/author\/mhamer\/","title":"Verkehrswende auch f\u00fcr l\u00e4ndliche Regionen - Landesverband B\u00dcNDNIS 90\/DIE GR\u00dcNEN Hessen","type":"rich","width":600,"height":338,"html":"<blockquote class=\"wp-embedded-content\" data-secret=\"pCtrmaqo9w\"><a href=\"https:\/\/www.gruene-hessen.de\/partei\/beschluss\/verkehrswende-auch-fuer-laendliche-regionen\/\">Verkehrswende auch f\u00fcr l\u00e4ndliche Regionen<\/a><\/blockquote><iframe sandbox=\"allow-scripts\" security=\"restricted\" src=\"https:\/\/www.gruene-hessen.de\/partei\/beschluss\/verkehrswende-auch-fuer-laendliche-regionen\/embed\/#?secret=pCtrmaqo9w\" width=\"600\" height=\"338\" title=\"&#8222;Verkehrswende auch f\u00fcr l\u00e4ndliche Regionen&#8220; &#8211; Landesverband B\u00dcNDNIS 90\/DIE GR\u00dcNEN Hessen\" data-secret=\"pCtrmaqo9w\" frameborder=\"0\" marginwidth=\"0\" marginheight=\"0\" scrolling=\"no\" class=\"wp-embedded-content\"><\/iframe><script type=\"text\/javascript\">\n\/* <![CDATA[ *\/\n\/*! This file is auto-generated *\/\n!function(d,l){\"use strict\";l.querySelector&&d.addEventListener&&\"undefined\"!=typeof URL&&(d.wp=d.wp||{},d.wp.receiveEmbedMessage||(d.wp.receiveEmbedMessage=function(e){var t=e.data;if((t||t.secret||t.message||t.value)&&!\/[^a-zA-Z0-9]\/.test(t.secret)){for(var s,r,n,a=l.querySelectorAll('iframe[data-secret=\"'+t.secret+'\"]'),o=l.querySelectorAll('blockquote[data-secret=\"'+t.secret+'\"]'),c=new RegExp(\"^https?:$\",\"i\"),i=0;i<o.length;i++)o[i].style.display=\"none\";for(i=0;i<a.length;i++)s=a[i],e.source===s.contentWindow&&(s.removeAttribute(\"style\"),\"height\"===t.message?(1e3<(r=parseInt(t.value,10))?r=1e3:~~r<200&&(r=200),s.height=r):\"link\"===t.message&&(r=new URL(s.getAttribute(\"src\")),n=new URL(t.value),c.test(n.protocol))&&n.host===r.host&&l.activeElement===s&&(d.top.location.href=t.value))}},d.addEventListener(\"message\",d.wp.receiveEmbedMessage,!1),l.addEventListener(\"DOMContentLoaded\",function(){for(var e,t,s=l.querySelectorAll(\"iframe.wp-embedded-content\"),r=0;r<s.length;r++)(t=(e=s[r]).getAttribute(\"data-secret\"))||(t=Math.random().toString(36).substring(2,12),e.src+=\"#?secret=\"+t,e.setAttribute(\"data-secret\",t)),e.contentWindow.postMessage({message:\"ready\",secret:t},\"*\")},!1)))}(window,document);\n\/\/# sourceURL=https:\/\/www.gruene-hessen.de\/partei\/wp-includes\/js\/wp-embed.min.js\n\/* ]]> *\/\n<\/script>\n","description":"Der Parteirat der GR\u00dcNEN Hessen stellt fest, dass die Reaktivierung von Eisenbahnstrecken als Bestandteil eines integrativen Verkehrskonzeptes f\u00fcr Hessen einen wertvollen, auch volkswirtschaftlich sinnvollen, Teilbeitrag f\u00fcr attraktive \u00f6ffentliche Verkehrsleistungen in l\u00e4ndlichen Regionen leisten kann. &nbsp; Die Bestandsaufnahme \u201eStillgelegte Schienenstrecken f\u00fcr den Personenverkehr in Hessen&#8220; (beauftragt vom HMWEVL bei HessenMobil 09\/2014) muss durch politisch-\u00f6ffentliche Diskussion mit [&hellip;]"}