{"version":"1.0","provider_name":"Landesverband B\u00dcNDNIS 90\/DIE GR\u00dcNEN Hessen","provider_url":"https:\/\/www.gruene-hessen.de\/partei","author_name":"Marcel Hamer","author_url":"https:\/\/www.gruene-hessen.de\/partei\/author\/mhamer\/","title":"Entschlossen gegen \u201eHate Speech\u201c in Sozialen Netzwerken \u2013 Hass ist keine Meinung! - Landesverband B\u00dcNDNIS 90\/DIE GR\u00dcNEN Hessen","type":"rich","width":600,"height":338,"html":"<blockquote class=\"wp-embedded-content\" data-secret=\"R71ESbXQpx\"><a href=\"https:\/\/www.gruene-hessen.de\/partei\/beschluss\/entschlossen-gegen-hate-speech-sozialen\/\">Entschlossen gegen \u201eHate Speech\u201c in Sozialen Netzwerken \u2013  Hass ist keine Meinung!<\/a><\/blockquote><iframe sandbox=\"allow-scripts\" security=\"restricted\" src=\"https:\/\/www.gruene-hessen.de\/partei\/beschluss\/entschlossen-gegen-hate-speech-sozialen\/embed\/#?secret=R71ESbXQpx\" width=\"600\" height=\"338\" title=\"&#8222;Entschlossen gegen \u201eHate Speech\u201c in Sozialen Netzwerken \u2013  Hass ist keine Meinung!&#8220; &#8211; Landesverband B\u00dcNDNIS 90\/DIE GR\u00dcNEN Hessen\" data-secret=\"R71ESbXQpx\" frameborder=\"0\" marginwidth=\"0\" marginheight=\"0\" scrolling=\"no\" class=\"wp-embedded-content\"><\/iframe><script>\n\/*! This file is auto-generated *\/\n!function(d,l){\"use strict\";l.querySelector&&d.addEventListener&&\"undefined\"!=typeof URL&&(d.wp=d.wp||{},d.wp.receiveEmbedMessage||(d.wp.receiveEmbedMessage=function(e){var t=e.data;if((t||t.secret||t.message||t.value)&&!\/[^a-zA-Z0-9]\/.test(t.secret)){for(var s,r,n,a=l.querySelectorAll('iframe[data-secret=\"'+t.secret+'\"]'),o=l.querySelectorAll('blockquote[data-secret=\"'+t.secret+'\"]'),c=new RegExp(\"^https?:$\",\"i\"),i=0;i<o.length;i++)o[i].style.display=\"none\";for(i=0;i<a.length;i++)s=a[i],e.source===s.contentWindow&&(s.removeAttribute(\"style\"),\"height\"===t.message?(1e3<(r=parseInt(t.value,10))?r=1e3:~~r<200&&(r=200),s.height=r):\"link\"===t.message&&(r=new URL(s.getAttribute(\"src\")),n=new URL(t.value),c.test(n.protocol))&&n.host===r.host&&l.activeElement===s&&(d.top.location.href=t.value))}},d.addEventListener(\"message\",d.wp.receiveEmbedMessage,!1),l.addEventListener(\"DOMContentLoaded\",function(){for(var e,t,s=l.querySelectorAll(\"iframe.wp-embedded-content\"),r=0;r<s.length;r++)(t=(e=s[r]).getAttribute(\"data-secret\"))||(t=Math.random().toString(36).substring(2,12),e.src+=\"#?secret=\"+t,e.setAttribute(\"data-secret\",t)),e.contentWindow.postMessage({message:\"ready\",secret:t},\"*\")},!1)))}(window,document);\n\/\/# sourceURL=https:\/\/www.gruene-hessen.de\/partei\/wp-includes\/js\/wp-embed.min.js\n<\/script>\n","description":"B\u00dcNDNIS 90\/DIE GR\u00dcNEN Hessen setzen sich f\u00fcr ein gemeinsames Eintreten aller demokratischen Kr\u00e4fte gegen die Verbreitung von \u201eHate Speech\u201c und strafbaren Meinungs\u00e4u\u00dferungen im Netz ein. In diesem Sinne fordert die Landesmitgliederversammlung, dass &nbsp; 1.die M\u00f6glichkeiten zur Anzeige entsprechender Inhalte bei der Polizei \u00fcber sogenannte \u201eOnline Wachen\u201c ausgebaut werden, &nbsp; 2. die Bundesregierung nicht l\u00e4nger toleriert, [&hellip;]"}