{"version":"1.0","provider_name":"Landesverband B\u00dcNDNIS 90\/DIE GR\u00dcNEN Hessen","provider_url":"https:\/\/www.gruene-hessen.de\/partei","author_name":"Marcel Hamer","author_url":"https:\/\/www.gruene-hessen.de\/partei\/author\/mhamer\/","title":"Bundesregierung muss mehr Mittel f\u00fcr Busse und Bahnen bereitstellen - Landesverband B\u00dcNDNIS 90\/DIE GR\u00dcNEN Hessen","type":"rich","width":600,"height":338,"html":"<blockquote class=\"wp-embedded-content\" data-secret=\"DSQpoyE0aF\"><a href=\"https:\/\/www.gruene-hessen.de\/partei\/beschluss\/bundesregierung-muss-mehr-mittel-fuer-busse\/\">Bundesregierung muss mehr Mittel f\u00fcr Busse und Bahnen bereitstellen<\/a><\/blockquote><iframe sandbox=\"allow-scripts\" security=\"restricted\" src=\"https:\/\/www.gruene-hessen.de\/partei\/beschluss\/bundesregierung-muss-mehr-mittel-fuer-busse\/embed\/#?secret=DSQpoyE0aF\" width=\"600\" height=\"338\" title=\"&#8222;Bundesregierung muss mehr Mittel f\u00fcr Busse und Bahnen bereitstellen&#8220; &#8211; Landesverband B\u00dcNDNIS 90\/DIE GR\u00dcNEN Hessen\" data-secret=\"DSQpoyE0aF\" frameborder=\"0\" marginwidth=\"0\" marginheight=\"0\" scrolling=\"no\" class=\"wp-embedded-content\"><\/iframe><script type=\"text\/javascript\">\n\/* <![CDATA[ *\/\n\/*! This file is auto-generated *\/\n!function(d,l){\"use strict\";l.querySelector&&d.addEventListener&&\"undefined\"!=typeof URL&&(d.wp=d.wp||{},d.wp.receiveEmbedMessage||(d.wp.receiveEmbedMessage=function(e){var t=e.data;if((t||t.secret||t.message||t.value)&&!\/[^a-zA-Z0-9]\/.test(t.secret)){for(var s,r,n,a=l.querySelectorAll('iframe[data-secret=\"'+t.secret+'\"]'),o=l.querySelectorAll('blockquote[data-secret=\"'+t.secret+'\"]'),c=new RegExp(\"^https?:$\",\"i\"),i=0;i<o.length;i++)o[i].style.display=\"none\";for(i=0;i<a.length;i++)s=a[i],e.source===s.contentWindow&&(s.removeAttribute(\"style\"),\"height\"===t.message?(1e3<(r=parseInt(t.value,10))?r=1e3:~~r<200&&(r=200),s.height=r):\"link\"===t.message&&(r=new URL(s.getAttribute(\"src\")),n=new URL(t.value),c.test(n.protocol))&&n.host===r.host&&l.activeElement===s&&(d.top.location.href=t.value))}},d.addEventListener(\"message\",d.wp.receiveEmbedMessage,!1),l.addEventListener(\"DOMContentLoaded\",function(){for(var e,t,s=l.querySelectorAll(\"iframe.wp-embedded-content\"),r=0;r<s.length;r++)(t=(e=s[r]).getAttribute(\"data-secret\"))||(t=Math.random().toString(36).substring(2,12),e.src+=\"#?secret=\"+t,e.setAttribute(\"data-secret\",t)),e.contentWindow.postMessage({message:\"ready\",secret:t},\"*\")},!1)))}(window,document);\n\/\/# sourceURL=https:\/\/www.gruene-hessen.de\/partei\/wp-includes\/js\/wp-embed.min.js\n\/* ]]> *\/\n<\/script>\n","description":"Ohne Busse und Bahnen ist Mobilit\u00e4t im Ballungsraum und im l\u00e4ndlichen Raum schlicht nicht denkbar. Der \u00d6ffentliche Personennahverkehr (\u00d6PNV) ist nicht nur ein wichtiger Standortfaktor f\u00fcr die Attraktivit\u00e4t von St\u00e4dten und Regionen, er ist auch ein elementarer Teil der Daseinsf\u00fcrsorge. Mit seinem Angebot erm\u00f6glicht er hundertausenden Menschen, insbesondere Berufspendlern und -pendlerinnen, Studierenden, Sch\u00fclern und Sch\u00fclerinnen [&hellip;]"}