{"id":18523,"date":"2016-07-29T13:21:57","date_gmt":"2016-07-29T11:21:57","guid":{"rendered":"https:\/\/www.gruene-hessen.de\/landtag\/?page_id=18523"},"modified":"2016-07-29T13:21:57","modified_gmt":"2016-07-29T11:21:57","slug":"respekt-fuer-die-opfer-des-175","status":"publish","type":"page","link":"https:\/\/www.gruene-hessen.de\/landtag\/lieblingsprojekte-zweieinhalb-jahren-schwarz-gruen\/respekt-fuer-die-opfer-des-175\/","title":{"rendered":"Respekt f\u00fcr die Opfer des \u00a7175"},"content":{"rendered":"<p><strong>Warum die Rehabilitierung verurteilter Homosexueller f\u00fcr Kai Klose ein Herzensprojekt der schwarz-GR\u00dcNEN Koalition ist:<\/strong><\/p>\n<p><img loading=\"lazy\" decoding=\"async\" class=\"alignleft size-thumbnail wp-image-14490\" src=\"https:\/\/www.gruene-hessen.de\/landtag\/files\/2014\/07\/Kai-Klose-150x150.jpg\" alt=\"Kai Klose\" width=\"150\" height=\"150\" srcset=\"https:\/\/www.gruene-hessen.de\/landtag\/wp-content\/blogs.dir\/2\/files\/2014\/07\/Kai-Klose-150x150.jpg 150w, https:\/\/www.gruene-hessen.de\/landtag\/wp-content\/blogs.dir\/2\/files\/2014\/07\/Kai-Klose-300x300.jpg 300w, https:\/\/www.gruene-hessen.de\/landtag\/wp-content\/blogs.dir\/2\/files\/2014\/07\/Kai-Klose-1024x1024.jpg 1024w, https:\/\/www.gruene-hessen.de\/landtag\/wp-content\/blogs.dir\/2\/files\/2014\/07\/Kai-Klose-160x160.jpg 160w, https:\/\/www.gruene-hessen.de\/landtag\/wp-content\/blogs.dir\/2\/files\/2014\/07\/Kai-Klose.jpg 1600w\" sizes=\"auto, (max-width: 150px) 100vw, 150px\" \/>Die Schicksale der M\u00e4nner, die in der fr\u00fchen Bundesrepublik verurteilt wurden, weil sie schwul sind, bewegen mich seit meinem eigenen Coming out. Sie litten, weil sie sind, wer sie sind. Und ohne ihre Pionierarbeit, ohne den Widerstand derer, die Ende der 60er Jahre gegen staatliche Unterdr\u00fcckung und Repression auf die Stra\u00dfe gingen und daf\u00fcr k\u00e4mpften, Sexualit\u00e4t aus dem Mief der jungen BRD zu befreien, k\u00f6nnten auch wir heute nicht frei und \u2013 dank Bundesverfassungsgericht \u2013 beinahe gleichgestellt leben. Diese Menschen haben uns den Weg geebnet und wurden mit Zuchthaus, Verlust der Arbeitsstelle und anderem\u00a0 bestraft. F\u00fcr mich sind sie Helden. Ihre Rehabilitierung und Entsch\u00e4digung ist mir ein Herzensanliegen.<\/p>\n<h3>Bewegende Lebensgeschichten<\/h3>\n<p>Viele k\u00f6nnen sich heute gar nicht vorstellen, dass Homosexualit\u00e4t in unserem Land bis 1994 strafbar war. Bis 1969 galt sogar der von den Nazis versch\u00e4rfte Paragraph 175 des Strafgesetzbuchs unver\u00e4ndert fort. Sch\u00e4tzungsweise 50.000 M\u00e4nner wurden auf dieser Grundlage vom Staat verfolgt, ihrer b\u00fcrgerlichen Existenz beraubt und bestraft. Einer von ihnen, der heute 97-j\u00e4hrige Wolfgang Lauinger aus Frankfurt, hat seine bewegende Lebensgeschichte, die exemplarisch f\u00fcr Schicksale seiner Generation steht, k\u00fcrzlich im Landtag beschrieben.<\/p>\n<p>L\u00e4ngst h\u00e4tten M\u00e4nner wie Wolfgang Lauinger rehabilitiert und durch den Staat entsch\u00e4digt werden m\u00fcssen. Denn Artikel 1 des Grundgesetzes \u2013 \u201eDie W\u00fcrde des Menschen ist unantastbar\u201c \u2013 wurde an ihnen verletzt. Nur wenige sind noch am Leben. Noch in Zeiten der Opposition 2011\/12 ist es uns GR\u00dcNEN gelungen, eine einstimmige Entschuldigung des Hessischen Landtags bei den Opfern zu bewirken. Auch der Beschluss, ihre Schicksale aufzuarbeiten und zu dokumentieren, erfolgte einstimmig. Im Koalitionsvertrag mit der CDU haben wir vereinbart, diese Landtagsbeschl\u00fcsse nun auch endlich umzusetzen. In diesem Jahr wurde der Auftrag daf\u00fcr von Staatssekret\u00e4r Jo Dreiseitel (GR\u00dcNE) an das Schwule* Museum Berlin vergeben. Und auch Bundesjustizminister Maas scheint aus seinem Dornr\u00f6schenschlaf zu erwachen: Hessen hat daran mitgewirkt, ihn wachzur\u00fctteln. Es geht endlich voran!<\/p>\n<p style=\"text-align: right;\"><em>Kai Klose, schwulenpolitischer Sprecher<\/em><\/p>\n<p style=\"text-align: right;\"><img loading=\"lazy\" decoding=\"async\" class=\"aligncenter size-full wp-image-18524\" src=\"https:\/\/www.gruene-hessen.de\/landtag\/files\/2016\/07\/Kai-175er.jpg\" alt=\"Kai Klose: &quot;Respekt f\u00fcr die Opfer des \u00a7175&quot;\" width=\"960\" height=\"540\" srcset=\"https:\/\/www.gruene-hessen.de\/landtag\/wp-content\/blogs.dir\/2\/files\/2016\/07\/Kai-175er.jpg 960w, https:\/\/www.gruene-hessen.de\/landtag\/wp-content\/blogs.dir\/2\/files\/2016\/07\/Kai-175er-300x169.jpg 300w, https:\/\/www.gruene-hessen.de\/landtag\/wp-content\/blogs.dir\/2\/files\/2016\/07\/Kai-175er-768x432.jpg 768w, https:\/\/www.gruene-hessen.de\/landtag\/wp-content\/blogs.dir\/2\/files\/2016\/07\/Kai-175er-160x90.jpg 160w, https:\/\/www.gruene-hessen.de\/landtag\/wp-content\/blogs.dir\/2\/files\/2016\/07\/Kai-175er-391x220.jpg 391w\" sizes=\"auto, (max-width: 960px) 100vw, 960px\" \/><\/p>\n","protected":false},"excerpt":{"rendered":"<p>Warum die Rehabilitierung verurteilter Homosexueller f\u00fcr Kai Klose ein Herzensprojekt der schwarz-GR\u00dcNEN Koalition ist: Die Schicksale der M\u00e4nner, die in der fr\u00fchen Bundesrepublik verurteilt wurden, weil sie schwul sind, bewegen mich seit meinem eigenen Coming out. Sie litten, weil sie sind, wer sie sind. Und ohne ihre Pionierarbeit, ohne den Widerstand derer, die Ende der [&hellip;]<\/p>\n","protected":false},"author":3,"featured_media":0,"parent":18190,"menu_order":0,"comment_status":"closed","ping_status":"closed","template":"","meta":{"_acf_changed":false,"ngg_post_thumbnail":0,"footnotes":""},"class_list":["post-18523","page","type-page","status-publish","hentry"],"acf":[],"yoast_head":"<!-- This site is optimized with the Yoast SEO plugin v27.4 - https:\/\/yoast.com\/product\/yoast-seo-wordpress\/ -->\n<title>Respekt f\u00fcr die Opfer des \u00a7175 - Fraktion B\u00fcndnis 90\/Die Gr\u00fcnen im Hessischen Landtag<\/title>\n<meta name=\"robots\" content=\"index, follow, max-snippet:-1, max-image-preview:large, max-video-preview:-1\" \/>\n<link rel=\"canonical\" href=\"https:\/\/www.gruene-hessen.de\/landtag\/lieblingsprojekte-zweieinhalb-jahren-schwarz-gruen\/respekt-fuer-die-opfer-des-175\/\" \/>\n<meta property=\"og:locale\" content=\"de_DE\" \/>\n<meta property=\"og:type\" content=\"article\" \/>\n<meta property=\"og:title\" content=\"Respekt f\u00fcr die Opfer des \u00a7175 - Fraktion B\u00fcndnis 90\/Die Gr\u00fcnen im Hessischen Landtag\" \/>\n<meta property=\"og:description\" content=\"Warum die Rehabilitierung verurteilter Homosexueller f\u00fcr Kai Klose ein Herzensprojekt der schwarz-GR\u00dcNEN Koalition ist: Die Schicksale der M\u00e4nner, die in der fr\u00fchen Bundesrepublik verurteilt wurden, weil sie schwul sind, bewegen mich seit meinem eigenen Coming out. Sie litten, weil sie sind, wer sie sind. Und ohne ihre Pionierarbeit, ohne den Widerstand derer, die Ende der [&hellip;]\" \/>\n<meta property=\"og:url\" content=\"https:\/\/www.gruene-hessen.de\/landtag\/lieblingsprojekte-zweieinhalb-jahren-schwarz-gruen\/respekt-fuer-die-opfer-des-175\/\" \/>\n<meta property=\"og:site_name\" content=\"Fraktion B\u00fcndnis 90\/Die Gr\u00fcnen im Hessischen Landtag\" \/>\n<meta property=\"article:publisher\" content=\"https:\/\/www.facebook.com\/gruenehessen\" \/>\n<meta property=\"og:image\" content=\"https:\/\/www.gruene-hessen.de\/landtag\/files\/2014\/07\/Kai-Klose-150x150.jpg\" \/>\n<meta name=\"twitter:card\" content=\"summary_large_image\" \/>\n<meta name=\"twitter:site\" content=\"@gruenehessen\" \/>\n<meta name=\"twitter:label1\" content=\"Gesch\u00e4tzte Lesezeit\" \/>\n\t<meta name=\"twitter:data1\" content=\"2\u00a0Minuten\" \/>\n<script type=\"application\/ld+json\" class=\"yoast-schema-graph\">{\"@context\":\"https:\\\/\\\/schema.org\",\"@graph\":[{\"@type\":\"WebPage\",\"@id\":\"https:\\\/\\\/www.gruene-hessen.de\\\/landtag\\\/lieblingsprojekte-zweieinhalb-jahren-schwarz-gruen\\\/respekt-fuer-die-opfer-des-175\\\/\",\"url\":\"https:\\\/\\\/www.gruene-hessen.de\\\/landtag\\\/lieblingsprojekte-zweieinhalb-jahren-schwarz-gruen\\\/respekt-fuer-die-opfer-des-175\\\/\",\"name\":\"Respekt f\u00fcr die Opfer des \u00a7175 - Fraktion B\u00fcndnis 90\\\/Die Gr\u00fcnen im Hessischen Landtag\",\"isPartOf\":{\"@id\":\"https:\\\/\\\/www.gruene-hessen.de\\\/landtag\\\/#website\"},\"primaryImageOfPage\":{\"@id\":\"https:\\\/\\\/www.gruene-hessen.de\\\/landtag\\\/lieblingsprojekte-zweieinhalb-jahren-schwarz-gruen\\\/respekt-fuer-die-opfer-des-175\\\/#primaryimage\"},\"image\":{\"@id\":\"https:\\\/\\\/www.gruene-hessen.de\\\/landtag\\\/lieblingsprojekte-zweieinhalb-jahren-schwarz-gruen\\\/respekt-fuer-die-opfer-des-175\\\/#primaryimage\"},\"thumbnailUrl\":\"https:\\\/\\\/www.gruene-hessen.de\\\/landtag\\\/files\\\/2014\\\/07\\\/Kai-Klose-150x150.jpg\",\"datePublished\":\"2016-07-29T11:21:57+00:00\",\"breadcrumb\":{\"@id\":\"https:\\\/\\\/www.gruene-hessen.de\\\/landtag\\\/lieblingsprojekte-zweieinhalb-jahren-schwarz-gruen\\\/respekt-fuer-die-opfer-des-175\\\/#breadcrumb\"},\"inLanguage\":\"de\",\"potentialAction\":[{\"@type\":\"ReadAction\",\"target\":[\"https:\\\/\\\/www.gruene-hessen.de\\\/landtag\\\/lieblingsprojekte-zweieinhalb-jahren-schwarz-gruen\\\/respekt-fuer-die-opfer-des-175\\\/\"]}]},{\"@type\":\"ImageObject\",\"inLanguage\":\"de\",\"@id\":\"https:\\\/\\\/www.gruene-hessen.de\\\/landtag\\\/lieblingsprojekte-zweieinhalb-jahren-schwarz-gruen\\\/respekt-fuer-die-opfer-des-175\\\/#primaryimage\",\"url\":\"https:\\\/\\\/www.gruene-hessen.de\\\/landtag\\\/wp-content\\\/blogs.dir\\\/2\\\/files\\\/2014\\\/07\\\/Kai-Klose.jpg\",\"contentUrl\":\"https:\\\/\\\/www.gruene-hessen.de\\\/landtag\\\/wp-content\\\/blogs.dir\\\/2\\\/files\\\/2014\\\/07\\\/Kai-Klose.jpg\",\"width\":1600,\"height\":1600},{\"@type\":\"BreadcrumbList\",\"@id\":\"https:\\\/\\\/www.gruene-hessen.de\\\/landtag\\\/lieblingsprojekte-zweieinhalb-jahren-schwarz-gruen\\\/respekt-fuer-die-opfer-des-175\\\/#breadcrumb\",\"itemListElement\":[{\"@type\":\"ListItem\",\"position\":1,\"name\":\"Startseite\",\"item\":\"https:\\\/\\\/www.gruene-hessen.de\\\/landtag\\\/\"},{\"@type\":\"ListItem\",\"position\":2,\"name\":\"Lieblingsprojekte aus zweieinhalb Jahren schwarz-gr\u00fcn\",\"item\":\"https:\\\/\\\/www.gruene-hessen.de\\\/landtag\\\/lieblingsprojekte-zweieinhalb-jahren-schwarz-gruen\\\/\"},{\"@type\":\"ListItem\",\"position\":3,\"name\":\"Respekt f\u00fcr die Opfer des \u00a7175\"}]},{\"@type\":\"WebSite\",\"@id\":\"https:\\\/\\\/www.gruene-hessen.de\\\/landtag\\\/#website\",\"url\":\"https:\\\/\\\/www.gruene-hessen.de\\\/landtag\\\/\",\"name\":\"Fraktion B\u00fcndnis 90\\\/Die Gr\u00fcnen im Hessischen Landtag\",\"description\":\"\",\"publisher\":{\"@id\":\"https:\\\/\\\/www.gruene-hessen.de\\\/landtag\\\/#organization\"},\"potentialAction\":[{\"@type\":\"SearchAction\",\"target\":{\"@type\":\"EntryPoint\",\"urlTemplate\":\"https:\\\/\\\/www.gruene-hessen.de\\\/landtag\\\/?s={search_term_string}\"},\"query-input\":{\"@type\":\"PropertyValueSpecification\",\"valueRequired\":true,\"valueName\":\"search_term_string\"}}],\"inLanguage\":\"de\"},{\"@type\":\"Organization\",\"@id\":\"https:\\\/\\\/www.gruene-hessen.de\\\/landtag\\\/#organization\",\"name\":\"Fraktion B\u00fcndnis 90\\\/Die Gr\u00fcnen im Hessischen Landtag\",\"url\":\"https:\\\/\\\/www.gruene-hessen.de\\\/landtag\\\/\",\"logo\":{\"@type\":\"ImageObject\",\"inLanguage\":\"de\",\"@id\":\"https:\\\/\\\/www.gruene-hessen.de\\\/landtag\\\/#\\\/schema\\\/logo\\\/image\\\/\",\"url\":\"https:\\\/\\\/www.gruene-hessen.de\\\/landtag\\\/files\\\/2023\\\/03\\\/Logo-LTF-Hessen-weiss-gruen-Pfade.png\",\"contentUrl\":\"https:\\\/\\\/www.gruene-hessen.de\\\/landtag\\\/files\\\/2023\\\/03\\\/Logo-LTF-Hessen-weiss-gruen-Pfade.png\",\"width\":1632,\"height\":1000,\"caption\":\"Fraktion B\u00fcndnis 90\\\/Die Gr\u00fcnen im Hessischen Landtag\"},\"image\":{\"@id\":\"https:\\\/\\\/www.gruene-hessen.de\\\/landtag\\\/#\\\/schema\\\/logo\\\/image\\\/\"},\"sameAs\":[\"https:\\\/\\\/www.facebook.com\\\/gruenehessen\",\"https:\\\/\\\/x.com\\\/gruenehessen\",\"https:\\\/\\\/www.instagram.com\\\/gruenehessen\\\/\"]}]}<\/script>\n<!-- \/ Yoast SEO plugin. -->","yoast_head_json":{"title":"Respekt f\u00fcr die Opfer des \u00a7175 - Fraktion B\u00fcndnis 90\/Die Gr\u00fcnen im Hessischen Landtag","robots":{"index":"index","follow":"follow","max-snippet":"max-snippet:-1","max-image-preview":"max-image-preview:large","max-video-preview":"max-video-preview:-1"},"canonical":"https:\/\/www.gruene-hessen.de\/landtag\/lieblingsprojekte-zweieinhalb-jahren-schwarz-gruen\/respekt-fuer-die-opfer-des-175\/","og_locale":"de_DE","og_type":"article","og_title":"Respekt f\u00fcr die Opfer des \u00a7175 - Fraktion B\u00fcndnis 90\/Die Gr\u00fcnen im Hessischen Landtag","og_description":"Warum die Rehabilitierung verurteilter Homosexueller f\u00fcr Kai Klose ein Herzensprojekt der schwarz-GR\u00dcNEN Koalition ist: Die Schicksale der M\u00e4nner, die in der fr\u00fchen Bundesrepublik verurteilt wurden, weil sie schwul sind, bewegen mich seit meinem eigenen Coming out. Sie litten, weil sie sind, wer sie sind. Und ohne ihre Pionierarbeit, ohne den Widerstand derer, die Ende der [&hellip;]","og_url":"https:\/\/www.gruene-hessen.de\/landtag\/lieblingsprojekte-zweieinhalb-jahren-schwarz-gruen\/respekt-fuer-die-opfer-des-175\/","og_site_name":"Fraktion B\u00fcndnis 90\/Die Gr\u00fcnen im Hessischen Landtag","article_publisher":"https:\/\/www.facebook.com\/gruenehessen","og_image":[{"url":"https:\/\/www.gruene-hessen.de\/landtag\/files\/2014\/07\/Kai-Klose-150x150.jpg","type":"","width":"","height":""}],"twitter_card":"summary_large_image","twitter_site":"@gruenehessen","twitter_misc":{"Gesch\u00e4tzte Lesezeit":"2\u00a0Minuten"},"schema":{"@context":"https:\/\/schema.org","@graph":[{"@type":"WebPage","@id":"https:\/\/www.gruene-hessen.de\/landtag\/lieblingsprojekte-zweieinhalb-jahren-schwarz-gruen\/respekt-fuer-die-opfer-des-175\/","url":"https:\/\/www.gruene-hessen.de\/landtag\/lieblingsprojekte-zweieinhalb-jahren-schwarz-gruen\/respekt-fuer-die-opfer-des-175\/","name":"Respekt f\u00fcr die Opfer des \u00a7175 - Fraktion B\u00fcndnis 90\/Die Gr\u00fcnen im Hessischen Landtag","isPartOf":{"@id":"https:\/\/www.gruene-hessen.de\/landtag\/#website"},"primaryImageOfPage":{"@id":"https:\/\/www.gruene-hessen.de\/landtag\/lieblingsprojekte-zweieinhalb-jahren-schwarz-gruen\/respekt-fuer-die-opfer-des-175\/#primaryimage"},"image":{"@id":"https:\/\/www.gruene-hessen.de\/landtag\/lieblingsprojekte-zweieinhalb-jahren-schwarz-gruen\/respekt-fuer-die-opfer-des-175\/#primaryimage"},"thumbnailUrl":"https:\/\/www.gruene-hessen.de\/landtag\/files\/2014\/07\/Kai-Klose-150x150.jpg","datePublished":"2016-07-29T11:21:57+00:00","breadcrumb":{"@id":"https:\/\/www.gruene-hessen.de\/landtag\/lieblingsprojekte-zweieinhalb-jahren-schwarz-gruen\/respekt-fuer-die-opfer-des-175\/#breadcrumb"},"inLanguage":"de","potentialAction":[{"@type":"ReadAction","target":["https:\/\/www.gruene-hessen.de\/landtag\/lieblingsprojekte-zweieinhalb-jahren-schwarz-gruen\/respekt-fuer-die-opfer-des-175\/"]}]},{"@type":"ImageObject","inLanguage":"de","@id":"https:\/\/www.gruene-hessen.de\/landtag\/lieblingsprojekte-zweieinhalb-jahren-schwarz-gruen\/respekt-fuer-die-opfer-des-175\/#primaryimage","url":"https:\/\/www.gruene-hessen.de\/landtag\/wp-content\/blogs.dir\/2\/files\/2014\/07\/Kai-Klose.jpg","contentUrl":"https:\/\/www.gruene-hessen.de\/landtag\/wp-content\/blogs.dir\/2\/files\/2014\/07\/Kai-Klose.jpg","width":1600,"height":1600},{"@type":"BreadcrumbList","@id":"https:\/\/www.gruene-hessen.de\/landtag\/lieblingsprojekte-zweieinhalb-jahren-schwarz-gruen\/respekt-fuer-die-opfer-des-175\/#breadcrumb","itemListElement":[{"@type":"ListItem","position":1,"name":"Startseite","item":"https:\/\/www.gruene-hessen.de\/landtag\/"},{"@type":"ListItem","position":2,"name":"Lieblingsprojekte aus zweieinhalb Jahren schwarz-gr\u00fcn","item":"https:\/\/www.gruene-hessen.de\/landtag\/lieblingsprojekte-zweieinhalb-jahren-schwarz-gruen\/"},{"@type":"ListItem","position":3,"name":"Respekt f\u00fcr die Opfer des \u00a7175"}]},{"@type":"WebSite","@id":"https:\/\/www.gruene-hessen.de\/landtag\/#website","url":"https:\/\/www.gruene-hessen.de\/landtag\/","name":"Fraktion B\u00fcndnis 90\/Die Gr\u00fcnen im Hessischen Landtag","description":"","publisher":{"@id":"https:\/\/www.gruene-hessen.de\/landtag\/#organization"},"potentialAction":[{"@type":"SearchAction","target":{"@type":"EntryPoint","urlTemplate":"https:\/\/www.gruene-hessen.de\/landtag\/?s={search_term_string}"},"query-input":{"@type":"PropertyValueSpecification","valueRequired":true,"valueName":"search_term_string"}}],"inLanguage":"de"},{"@type":"Organization","@id":"https:\/\/www.gruene-hessen.de\/landtag\/#organization","name":"Fraktion B\u00fcndnis 90\/Die Gr\u00fcnen im Hessischen Landtag","url":"https:\/\/www.gruene-hessen.de\/landtag\/","logo":{"@type":"ImageObject","inLanguage":"de","@id":"https:\/\/www.gruene-hessen.de\/landtag\/#\/schema\/logo\/image\/","url":"https:\/\/www.gruene-hessen.de\/landtag\/files\/2023\/03\/Logo-LTF-Hessen-weiss-gruen-Pfade.png","contentUrl":"https:\/\/www.gruene-hessen.de\/landtag\/files\/2023\/03\/Logo-LTF-Hessen-weiss-gruen-Pfade.png","width":1632,"height":1000,"caption":"Fraktion B\u00fcndnis 90\/Die Gr\u00fcnen im Hessischen Landtag"},"image":{"@id":"https:\/\/www.gruene-hessen.de\/landtag\/#\/schema\/logo\/image\/"},"sameAs":["https:\/\/www.facebook.com\/gruenehessen","https:\/\/x.com\/gruenehessen","https:\/\/www.instagram.com\/gruenehessen\/"]}]}},"_links":{"self":[{"href":"https:\/\/www.gruene-hessen.de\/landtag\/wp-json\/wp\/v2\/pages\/18523","targetHints":{"allow":["GET"]}}],"collection":[{"href":"https:\/\/www.gruene-hessen.de\/landtag\/wp-json\/wp\/v2\/pages"}],"about":[{"href":"https:\/\/www.gruene-hessen.de\/landtag\/wp-json\/wp\/v2\/types\/page"}],"author":[{"embeddable":true,"href":"https:\/\/www.gruene-hessen.de\/landtag\/wp-json\/wp\/v2\/users\/3"}],"replies":[{"embeddable":true,"href":"https:\/\/www.gruene-hessen.de\/landtag\/wp-json\/wp\/v2\/comments?post=18523"}],"version-history":[{"count":0,"href":"https:\/\/www.gruene-hessen.de\/landtag\/wp-json\/wp\/v2\/pages\/18523\/revisions"}],"up":[{"embeddable":true,"href":"https:\/\/www.gruene-hessen.de\/landtag\/wp-json\/wp\/v2\/pages\/18190"}],"wp:attachment":[{"href":"https:\/\/www.gruene-hessen.de\/landtag\/wp-json\/wp\/v2\/media?parent=18523"}],"curies":[{"name":"wp","href":"https:\/\/api.w.org\/{rel}","templated":true}]}}