{"id":18509,"date":"2016-07-27T08:06:19","date_gmt":"2016-07-27T06:06:19","guid":{"rendered":"https:\/\/www.gruene-hessen.de\/landtag\/?page_id=18509"},"modified":"2016-07-27T08:16:14","modified_gmt":"2016-07-27T06:16:14","slug":"antidiskriminierung","status":"publish","type":"page","link":"https:\/\/www.gruene-hessen.de\/landtag\/lieblingsprojekte-zweieinhalb-jahren-schwarz-gruen\/antidiskriminierung\/","title":{"rendered":"#Antidiskriminierung"},"content":{"rendered":"<h3>Gegen Diskriminierung \u2013 f\u00fcr Vielfalt<\/h3>\n<p><strong><img loading=\"lazy\" decoding=\"async\" class=\"alignleft size-thumbnail wp-image-14081\" src=\"https:\/\/www.gruene-hessen.de\/landtag\/files\/2014\/04\/Jo-Dreiseitel1-150x150-150x150.jpg\" alt=\"Jo-Dreiseitel1-150x150\" width=\"150\" height=\"150\" \/>Warum der Aufbau der Antidiskriminierungsstelle f\u00fcr Jo Dreiseitel ein Herzensprojekt der schwarz-GR\u00dcNEN Koalition ist:<\/strong><\/p>\n<p>\u201eSchon als junger Mann habe ich Diskriminierung und Ausgrenzung\u00a0 von anderen Menschen nicht verstehen und akzeptieren k\u00f6nnen. Jeder Mensch ist gleich \u2013 das steht doch schon im Grundgesetz! Herkunft, Geschlecht, Religion, Behinderung, Alter oder sexuelle\u00a0 Identit\u00e4t \u2013 wir alle sind vielf\u00e4ltig. Niemand hat in meinen Augen das Recht, sich \u00fcber einen anderen Menschen zu erheben und sie oder ihn abzuwerten. Deshalb habe ich mich schon fr\u00fch als Schulsprecher, sp\u00e4ter als Jugendvertreter und Personalrat gegen Ausgrenzung und f\u00fcr Integration engagiert.\u201c<\/p>\n<h3>GR\u00dcNER Erfolg der ersten Halbzeit: Aufbau der Antidiskriminierungsstelle<\/h3>\n<p>\u201eEs ist in meinen Augen ein gro\u00dfer Erfolg unserer schwarz-GR\u00dcNEN Koalition, dass seit Anfang 2015 die landesweite Antidiskriminierungsstelle Personen, die von Diskriminierung betroffen sind, schnell und unb\u00fcrokratisch hilft. Sie richtet Fachtagungen aus und erarbeitet gemeinsam mit den LSBT*IQ-Organisationen (Organisationen f\u00fcr Lesben, Schwule, Bisexuelle, Transsexuelle, Transgender, Transidente, Intergeschlechtliche und queere Menschen) den Aktionsplan f\u00fcr Akzeptanz und Vielfalt. Dazu geh\u00f6ren beispielsweise auch die Workshops der Initiative SchLAu Hessen (Schwul Lesbisch Bi Trans* Aufkl\u00e4rung) an Schulen, die jungen Menschen in der Phase des \u201eComing Out\u201c unterst\u00fctzen sollen. Viele Menschen haben bereits Hilfe und Unterst\u00fctzung durch die Antidiskriminierungsstelle erhalten.\u201c<\/p>\n<h3>Klares Bekenntnis f\u00fcr Vielfalt und Wertsch\u00e4tzung aller Menschen in\u00a0 Hessen<\/h3>\n<p>\u201eMit dem klaren Bekenntnis der Koalition, sich gegen Diskriminierung und f\u00fcr die Wertsch\u00e4tzung von Vielfalt zu engagieren, wird es m\u00f6glich, echte Chancengleichheit f\u00fcr alle herzustellen. Damit setzen wir ein deutliches Signal, dass wir Benachteiligungen, sei es aus ethnischen oder rassistischen Gr\u00fcnden, aufgrund des Geschlechts, der Religion oder Weltanschauung, einer Behinderung, des Alters oder der sexuellen Identit\u00e4t, nicht hinzunehmen bereit sind. Wir wollen niemanden ausgrenzen, sondern die Vielfalt sowie die Potentiale und Kompetenzen aller Menschen zur Geltung bringen. Damit tragen wir zu einem friedlichen Miteinander in einer bunten und vielf\u00e4ltigen Gesellschaft bei.\u201c<\/p>\n<p style=\"text-align: right;\"><em>Jo Dreiseitel, Staatssekret\u00e4r und Bevollm\u00e4chtigter der Landesregierung f\u00fcr Integration und Antidiskriminierung<\/em><\/p>\n<p style=\"text-align: left;\"><img loading=\"lazy\" decoding=\"async\" class=\"aligncenter size-full wp-image-18510\" src=\"https:\/\/www.gruene-hessen.de\/landtag\/files\/2016\/07\/Jo-Antidiskriminierung.jpg\" alt=\"Antidiskriminierung - \u201eSchon als junger Mann habe ich mich gegen Diskriminierung und Ausgrenzung engagiert. Jeder Mensch ist gleich \u2013 das steht doch schon im Grundgesetz!\u201c Jo Dreiseitel\" width=\"960\" height=\"540\" srcset=\"https:\/\/www.gruene-hessen.de\/landtag\/wp-content\/blogs.dir\/2\/files\/2016\/07\/Jo-Antidiskriminierung.jpg 960w, https:\/\/www.gruene-hessen.de\/landtag\/wp-content\/blogs.dir\/2\/files\/2016\/07\/Jo-Antidiskriminierung-300x169.jpg 300w, https:\/\/www.gruene-hessen.de\/landtag\/wp-content\/blogs.dir\/2\/files\/2016\/07\/Jo-Antidiskriminierung-768x432.jpg 768w, https:\/\/www.gruene-hessen.de\/landtag\/wp-content\/blogs.dir\/2\/files\/2016\/07\/Jo-Antidiskriminierung-160x90.jpg 160w, https:\/\/www.gruene-hessen.de\/landtag\/wp-content\/blogs.dir\/2\/files\/2016\/07\/Jo-Antidiskriminierung-391x220.jpg 391w\" sizes=\"auto, (max-width: 960px) 100vw, 960px\" \/><\/p>\n","protected":false},"excerpt":{"rendered":"<p>Gegen Diskriminierung \u2013 f\u00fcr Vielfalt Warum der Aufbau der Antidiskriminierungsstelle f\u00fcr Jo Dreiseitel ein Herzensprojekt der schwarz-GR\u00dcNEN Koalition ist: \u201eSchon als junger Mann habe ich Diskriminierung und Ausgrenzung\u00a0 von anderen Menschen nicht verstehen und akzeptieren k\u00f6nnen. Jeder Mensch ist gleich \u2013 das steht doch schon im Grundgesetz! Herkunft, Geschlecht, Religion, Behinderung, Alter oder sexuelle\u00a0 Identit\u00e4t [&hellip;]<\/p>\n","protected":false},"author":3,"featured_media":0,"parent":18190,"menu_order":0,"comment_status":"closed","ping_status":"closed","template":"","meta":{"_acf_changed":false,"ngg_post_thumbnail":0,"footnotes":""},"class_list":["post-18509","page","type-page","status-publish","hentry"],"acf":[],"yoast_head":"<!-- This site is optimized with the Yoast SEO plugin v27.5 - https:\/\/yoast.com\/product\/yoast-seo-wordpress\/ -->\n<title>#Antidiskriminierung - Fraktion B\u00fcndnis 90\/Die Gr\u00fcnen im Hessischen Landtag<\/title>\n<meta name=\"robots\" content=\"index, follow, max-snippet:-1, max-image-preview:large, max-video-preview:-1\" \/>\n<link rel=\"canonical\" href=\"https:\/\/www.gruene-hessen.de\/landtag\/lieblingsprojekte-zweieinhalb-jahren-schwarz-gruen\/antidiskriminierung\/\" \/>\n<meta property=\"og:locale\" content=\"de_DE\" \/>\n<meta property=\"og:type\" content=\"article\" \/>\n<meta property=\"og:title\" content=\"#Antidiskriminierung - Fraktion B\u00fcndnis 90\/Die Gr\u00fcnen im Hessischen Landtag\" \/>\n<meta property=\"og:description\" content=\"Gegen Diskriminierung \u2013 f\u00fcr Vielfalt Warum der Aufbau der Antidiskriminierungsstelle f\u00fcr Jo Dreiseitel ein Herzensprojekt der schwarz-GR\u00dcNEN Koalition ist: \u201eSchon als junger Mann habe ich Diskriminierung und Ausgrenzung\u00a0 von anderen Menschen nicht verstehen und akzeptieren k\u00f6nnen. Jeder Mensch ist gleich \u2013 das steht doch schon im Grundgesetz! Herkunft, Geschlecht, Religion, Behinderung, Alter oder sexuelle\u00a0 Identit\u00e4t [&hellip;]\" \/>\n<meta property=\"og:url\" content=\"https:\/\/www.gruene-hessen.de\/landtag\/lieblingsprojekte-zweieinhalb-jahren-schwarz-gruen\/antidiskriminierung\/\" \/>\n<meta property=\"og:site_name\" content=\"Fraktion B\u00fcndnis 90\/Die Gr\u00fcnen im Hessischen Landtag\" \/>\n<meta property=\"article:publisher\" content=\"https:\/\/www.facebook.com\/gruenehessen\" \/>\n<meta property=\"article:modified_time\" content=\"2016-07-27T06:16:14+00:00\" \/>\n<meta property=\"og:image\" content=\"https:\/\/www.gruene-hessen.de\/landtag\/files\/2014\/04\/Jo-Dreiseitel1-150x150-150x150.jpg\" \/>\n<meta name=\"twitter:card\" content=\"summary_large_image\" \/>\n<meta name=\"twitter:site\" content=\"@gruenehessen\" \/>\n<meta name=\"twitter:label1\" content=\"Gesch\u00e4tzte Lesezeit\" \/>\n\t<meta name=\"twitter:data1\" content=\"2\u00a0Minuten\" \/>\n<script type=\"application\/ld+json\" class=\"yoast-schema-graph\">{\"@context\":\"https:\\\/\\\/schema.org\",\"@graph\":[{\"@type\":\"WebPage\",\"@id\":\"https:\\\/\\\/www.gruene-hessen.de\\\/landtag\\\/lieblingsprojekte-zweieinhalb-jahren-schwarz-gruen\\\/antidiskriminierung\\\/\",\"url\":\"https:\\\/\\\/www.gruene-hessen.de\\\/landtag\\\/lieblingsprojekte-zweieinhalb-jahren-schwarz-gruen\\\/antidiskriminierung\\\/\",\"name\":\"#Antidiskriminierung - Fraktion B\u00fcndnis 90\\\/Die Gr\u00fcnen im Hessischen Landtag\",\"isPartOf\":{\"@id\":\"https:\\\/\\\/www.gruene-hessen.de\\\/landtag\\\/#website\"},\"primaryImageOfPage\":{\"@id\":\"https:\\\/\\\/www.gruene-hessen.de\\\/landtag\\\/lieblingsprojekte-zweieinhalb-jahren-schwarz-gruen\\\/antidiskriminierung\\\/#primaryimage\"},\"image\":{\"@id\":\"https:\\\/\\\/www.gruene-hessen.de\\\/landtag\\\/lieblingsprojekte-zweieinhalb-jahren-schwarz-gruen\\\/antidiskriminierung\\\/#primaryimage\"},\"thumbnailUrl\":\"https:\\\/\\\/www.gruene-hessen.de\\\/landtag\\\/files\\\/2014\\\/04\\\/Jo-Dreiseitel1-150x150-150x150.jpg\",\"datePublished\":\"2016-07-27T06:06:19+00:00\",\"dateModified\":\"2016-07-27T06:16:14+00:00\",\"breadcrumb\":{\"@id\":\"https:\\\/\\\/www.gruene-hessen.de\\\/landtag\\\/lieblingsprojekte-zweieinhalb-jahren-schwarz-gruen\\\/antidiskriminierung\\\/#breadcrumb\"},\"inLanguage\":\"de\",\"potentialAction\":[{\"@type\":\"ReadAction\",\"target\":[\"https:\\\/\\\/www.gruene-hessen.de\\\/landtag\\\/lieblingsprojekte-zweieinhalb-jahren-schwarz-gruen\\\/antidiskriminierung\\\/\"]}]},{\"@type\":\"ImageObject\",\"inLanguage\":\"de\",\"@id\":\"https:\\\/\\\/www.gruene-hessen.de\\\/landtag\\\/lieblingsprojekte-zweieinhalb-jahren-schwarz-gruen\\\/antidiskriminierung\\\/#primaryimage\",\"url\":\"https:\\\/\\\/www.gruene-hessen.de\\\/landtag\\\/wp-content\\\/blogs.dir\\\/2\\\/files\\\/2014\\\/04\\\/Jo-Dreiseitel1-150x150.jpg\",\"contentUrl\":\"https:\\\/\\\/www.gruene-hessen.de\\\/landtag\\\/wp-content\\\/blogs.dir\\\/2\\\/files\\\/2014\\\/04\\\/Jo-Dreiseitel1-150x150.jpg\",\"width\":150,\"height\":150},{\"@type\":\"BreadcrumbList\",\"@id\":\"https:\\\/\\\/www.gruene-hessen.de\\\/landtag\\\/lieblingsprojekte-zweieinhalb-jahren-schwarz-gruen\\\/antidiskriminierung\\\/#breadcrumb\",\"itemListElement\":[{\"@type\":\"ListItem\",\"position\":1,\"name\":\"Startseite\",\"item\":\"https:\\\/\\\/www.gruene-hessen.de\\\/landtag\\\/\"},{\"@type\":\"ListItem\",\"position\":2,\"name\":\"Lieblingsprojekte aus zweieinhalb Jahren schwarz-gr\u00fcn\",\"item\":\"https:\\\/\\\/www.gruene-hessen.de\\\/landtag\\\/lieblingsprojekte-zweieinhalb-jahren-schwarz-gruen\\\/\"},{\"@type\":\"ListItem\",\"position\":3,\"name\":\"#Antidiskriminierung\"}]},{\"@type\":\"WebSite\",\"@id\":\"https:\\\/\\\/www.gruene-hessen.de\\\/landtag\\\/#website\",\"url\":\"https:\\\/\\\/www.gruene-hessen.de\\\/landtag\\\/\",\"name\":\"Fraktion B\u00fcndnis 90\\\/Die Gr\u00fcnen im Hessischen Landtag\",\"description\":\"\",\"publisher\":{\"@id\":\"https:\\\/\\\/www.gruene-hessen.de\\\/landtag\\\/#organization\"},\"potentialAction\":[{\"@type\":\"SearchAction\",\"target\":{\"@type\":\"EntryPoint\",\"urlTemplate\":\"https:\\\/\\\/www.gruene-hessen.de\\\/landtag\\\/?s={search_term_string}\"},\"query-input\":{\"@type\":\"PropertyValueSpecification\",\"valueRequired\":true,\"valueName\":\"search_term_string\"}}],\"inLanguage\":\"de\"},{\"@type\":\"Organization\",\"@id\":\"https:\\\/\\\/www.gruene-hessen.de\\\/landtag\\\/#organization\",\"name\":\"Fraktion B\u00fcndnis 90\\\/Die Gr\u00fcnen im Hessischen Landtag\",\"url\":\"https:\\\/\\\/www.gruene-hessen.de\\\/landtag\\\/\",\"logo\":{\"@type\":\"ImageObject\",\"inLanguage\":\"de\",\"@id\":\"https:\\\/\\\/www.gruene-hessen.de\\\/landtag\\\/#\\\/schema\\\/logo\\\/image\\\/\",\"url\":\"https:\\\/\\\/www.gruene-hessen.de\\\/landtag\\\/files\\\/2023\\\/03\\\/Logo-LTF-Hessen-weiss-gruen-Pfade.png\",\"contentUrl\":\"https:\\\/\\\/www.gruene-hessen.de\\\/landtag\\\/files\\\/2023\\\/03\\\/Logo-LTF-Hessen-weiss-gruen-Pfade.png\",\"width\":1632,\"height\":1000,\"caption\":\"Fraktion B\u00fcndnis 90\\\/Die Gr\u00fcnen im Hessischen Landtag\"},\"image\":{\"@id\":\"https:\\\/\\\/www.gruene-hessen.de\\\/landtag\\\/#\\\/schema\\\/logo\\\/image\\\/\"},\"sameAs\":[\"https:\\\/\\\/www.facebook.com\\\/gruenehessen\",\"https:\\\/\\\/x.com\\\/gruenehessen\",\"https:\\\/\\\/www.instagram.com\\\/gruenehessen\\\/\"]}]}<\/script>\n<!-- \/ Yoast SEO plugin. -->","yoast_head_json":{"title":"#Antidiskriminierung - Fraktion B\u00fcndnis 90\/Die Gr\u00fcnen im Hessischen Landtag","robots":{"index":"index","follow":"follow","max-snippet":"max-snippet:-1","max-image-preview":"max-image-preview:large","max-video-preview":"max-video-preview:-1"},"canonical":"https:\/\/www.gruene-hessen.de\/landtag\/lieblingsprojekte-zweieinhalb-jahren-schwarz-gruen\/antidiskriminierung\/","og_locale":"de_DE","og_type":"article","og_title":"#Antidiskriminierung - Fraktion B\u00fcndnis 90\/Die Gr\u00fcnen im Hessischen Landtag","og_description":"Gegen Diskriminierung \u2013 f\u00fcr Vielfalt Warum der Aufbau der Antidiskriminierungsstelle f\u00fcr Jo Dreiseitel ein Herzensprojekt der schwarz-GR\u00dcNEN Koalition ist: \u201eSchon als junger Mann habe ich Diskriminierung und Ausgrenzung\u00a0 von anderen Menschen nicht verstehen und akzeptieren k\u00f6nnen. Jeder Mensch ist gleich \u2013 das steht doch schon im Grundgesetz! Herkunft, Geschlecht, Religion, Behinderung, Alter oder sexuelle\u00a0 Identit\u00e4t [&hellip;]","og_url":"https:\/\/www.gruene-hessen.de\/landtag\/lieblingsprojekte-zweieinhalb-jahren-schwarz-gruen\/antidiskriminierung\/","og_site_name":"Fraktion B\u00fcndnis 90\/Die Gr\u00fcnen im Hessischen Landtag","article_publisher":"https:\/\/www.facebook.com\/gruenehessen","article_modified_time":"2016-07-27T06:16:14+00:00","og_image":[{"url":"https:\/\/www.gruene-hessen.de\/landtag\/files\/2014\/04\/Jo-Dreiseitel1-150x150-150x150.jpg","type":"","width":"","height":""}],"twitter_card":"summary_large_image","twitter_site":"@gruenehessen","twitter_misc":{"Gesch\u00e4tzte Lesezeit":"2\u00a0Minuten"},"schema":{"@context":"https:\/\/schema.org","@graph":[{"@type":"WebPage","@id":"https:\/\/www.gruene-hessen.de\/landtag\/lieblingsprojekte-zweieinhalb-jahren-schwarz-gruen\/antidiskriminierung\/","url":"https:\/\/www.gruene-hessen.de\/landtag\/lieblingsprojekte-zweieinhalb-jahren-schwarz-gruen\/antidiskriminierung\/","name":"#Antidiskriminierung - Fraktion B\u00fcndnis 90\/Die Gr\u00fcnen im Hessischen Landtag","isPartOf":{"@id":"https:\/\/www.gruene-hessen.de\/landtag\/#website"},"primaryImageOfPage":{"@id":"https:\/\/www.gruene-hessen.de\/landtag\/lieblingsprojekte-zweieinhalb-jahren-schwarz-gruen\/antidiskriminierung\/#primaryimage"},"image":{"@id":"https:\/\/www.gruene-hessen.de\/landtag\/lieblingsprojekte-zweieinhalb-jahren-schwarz-gruen\/antidiskriminierung\/#primaryimage"},"thumbnailUrl":"https:\/\/www.gruene-hessen.de\/landtag\/files\/2014\/04\/Jo-Dreiseitel1-150x150-150x150.jpg","datePublished":"2016-07-27T06:06:19+00:00","dateModified":"2016-07-27T06:16:14+00:00","breadcrumb":{"@id":"https:\/\/www.gruene-hessen.de\/landtag\/lieblingsprojekte-zweieinhalb-jahren-schwarz-gruen\/antidiskriminierung\/#breadcrumb"},"inLanguage":"de","potentialAction":[{"@type":"ReadAction","target":["https:\/\/www.gruene-hessen.de\/landtag\/lieblingsprojekte-zweieinhalb-jahren-schwarz-gruen\/antidiskriminierung\/"]}]},{"@type":"ImageObject","inLanguage":"de","@id":"https:\/\/www.gruene-hessen.de\/landtag\/lieblingsprojekte-zweieinhalb-jahren-schwarz-gruen\/antidiskriminierung\/#primaryimage","url":"https:\/\/www.gruene-hessen.de\/landtag\/wp-content\/blogs.dir\/2\/files\/2014\/04\/Jo-Dreiseitel1-150x150.jpg","contentUrl":"https:\/\/www.gruene-hessen.de\/landtag\/wp-content\/blogs.dir\/2\/files\/2014\/04\/Jo-Dreiseitel1-150x150.jpg","width":150,"height":150},{"@type":"BreadcrumbList","@id":"https:\/\/www.gruene-hessen.de\/landtag\/lieblingsprojekte-zweieinhalb-jahren-schwarz-gruen\/antidiskriminierung\/#breadcrumb","itemListElement":[{"@type":"ListItem","position":1,"name":"Startseite","item":"https:\/\/www.gruene-hessen.de\/landtag\/"},{"@type":"ListItem","position":2,"name":"Lieblingsprojekte aus zweieinhalb Jahren schwarz-gr\u00fcn","item":"https:\/\/www.gruene-hessen.de\/landtag\/lieblingsprojekte-zweieinhalb-jahren-schwarz-gruen\/"},{"@type":"ListItem","position":3,"name":"#Antidiskriminierung"}]},{"@type":"WebSite","@id":"https:\/\/www.gruene-hessen.de\/landtag\/#website","url":"https:\/\/www.gruene-hessen.de\/landtag\/","name":"Fraktion B\u00fcndnis 90\/Die Gr\u00fcnen im Hessischen Landtag","description":"","publisher":{"@id":"https:\/\/www.gruene-hessen.de\/landtag\/#organization"},"potentialAction":[{"@type":"SearchAction","target":{"@type":"EntryPoint","urlTemplate":"https:\/\/www.gruene-hessen.de\/landtag\/?s={search_term_string}"},"query-input":{"@type":"PropertyValueSpecification","valueRequired":true,"valueName":"search_term_string"}}],"inLanguage":"de"},{"@type":"Organization","@id":"https:\/\/www.gruene-hessen.de\/landtag\/#organization","name":"Fraktion B\u00fcndnis 90\/Die Gr\u00fcnen im Hessischen Landtag","url":"https:\/\/www.gruene-hessen.de\/landtag\/","logo":{"@type":"ImageObject","inLanguage":"de","@id":"https:\/\/www.gruene-hessen.de\/landtag\/#\/schema\/logo\/image\/","url":"https:\/\/www.gruene-hessen.de\/landtag\/files\/2023\/03\/Logo-LTF-Hessen-weiss-gruen-Pfade.png","contentUrl":"https:\/\/www.gruene-hessen.de\/landtag\/files\/2023\/03\/Logo-LTF-Hessen-weiss-gruen-Pfade.png","width":1632,"height":1000,"caption":"Fraktion B\u00fcndnis 90\/Die Gr\u00fcnen im Hessischen Landtag"},"image":{"@id":"https:\/\/www.gruene-hessen.de\/landtag\/#\/schema\/logo\/image\/"},"sameAs":["https:\/\/www.facebook.com\/gruenehessen","https:\/\/x.com\/gruenehessen","https:\/\/www.instagram.com\/gruenehessen\/"]}]}},"_links":{"self":[{"href":"https:\/\/www.gruene-hessen.de\/landtag\/wp-json\/wp\/v2\/pages\/18509","targetHints":{"allow":["GET"]}}],"collection":[{"href":"https:\/\/www.gruene-hessen.de\/landtag\/wp-json\/wp\/v2\/pages"}],"about":[{"href":"https:\/\/www.gruene-hessen.de\/landtag\/wp-json\/wp\/v2\/types\/page"}],"author":[{"embeddable":true,"href":"https:\/\/www.gruene-hessen.de\/landtag\/wp-json\/wp\/v2\/users\/3"}],"replies":[{"embeddable":true,"href":"https:\/\/www.gruene-hessen.de\/landtag\/wp-json\/wp\/v2\/comments?post=18509"}],"version-history":[{"count":0,"href":"https:\/\/www.gruene-hessen.de\/landtag\/wp-json\/wp\/v2\/pages\/18509\/revisions"}],"up":[{"embeddable":true,"href":"https:\/\/www.gruene-hessen.de\/landtag\/wp-json\/wp\/v2\/pages\/18190"}],"wp:attachment":[{"href":"https:\/\/www.gruene-hessen.de\/landtag\/wp-json\/wp\/v2\/media?parent=18509"}],"curies":[{"name":"wp","href":"https:\/\/api.w.org\/{rel}","templated":true}]}}