{"id":1417,"date":"2010-09-16T09:13:26","date_gmt":"2010-09-16T09:13:26","guid":{"rendered":"https:\/\/www.gruene-hessen.de\/landtag\/"},"modified":"2016-05-11T11:51:01","modified_gmt":"2016-05-11T09:51:01","slug":"fraktionsvorstand","status":"publish","type":"page","link":"https:\/\/www.gruene-hessen.de\/landtag\/downloads-service\/pressefotos\/fraktionsvorstand\/","title":{"rendered":"Fraktionsvorstand"},"content":{"rendered":"<p>13 Abgeordnete, 6 Frauen und 7 M\u00e4nner, das ist die Fraktion von B\u00fcndnis 90\/Die Gr\u00fcnen im 19. Hessischen Landtag. F\u00fcnf von ihnen stellen den Vorstand, der zu Beginn und in der Mitte der Legislaturperiode von der Fraktionsversammlung aller Abgeordneten gew\u00e4hlt wird.<\/p>\n","protected":false},"excerpt":{"rendered":"<p>13 Abgeordnete, 6 Frauen und 7 M\u00e4nner, das ist die Fraktion von B\u00fcndnis 90\/Die Gr\u00fcnen im 19. Hessischen Landtag. F\u00fcnf von ihnen stellen den Vorstand, der zu Beginn und in der Mitte der Legislaturperiode von der Fraktionsversammlung aller Abgeordneten gew\u00e4hlt wird.<\/p>\n","protected":false},"author":3,"featured_media":8984,"parent":1401,"menu_order":0,"comment_status":"open","ping_status":"open","template":"","meta":{"_acf_changed":false,"ngg_post_thumbnail":0,"footnotes":""},"class_list":["post-1417","page","type-page","status-publish","has-post-thumbnail","hentry"],"acf":[],"yoast_head":"<!-- This site is optimized with the Yoast SEO plugin v27.4 - https:\/\/yoast.com\/product\/yoast-seo-wordpress\/ -->\n<title>Fraktionsvorstand - Fraktion B\u00fcndnis 90\/Die Gr\u00fcnen im Hessischen Landtag<\/title>\n<meta name=\"robots\" content=\"index, follow, max-snippet:-1, max-image-preview:large, max-video-preview:-1\" \/>\n<link rel=\"canonical\" href=\"https:\/\/www.gruene-hessen.de\/landtag\/downloads-service\/pressefotos\/fraktionsvorstand\/\" \/>\n<meta property=\"og:locale\" content=\"de_DE\" \/>\n<meta property=\"og:type\" content=\"article\" \/>\n<meta property=\"og:title\" content=\"Fraktionsvorstand - Fraktion B\u00fcndnis 90\/Die Gr\u00fcnen im Hessischen Landtag\" \/>\n<meta property=\"og:description\" content=\"13 Abgeordnete, 6 Frauen und 7 M\u00e4nner, das ist die Fraktion von B\u00fcndnis 90\/Die Gr\u00fcnen im 19. Hessischen Landtag. F\u00fcnf von ihnen stellen den Vorstand, der zu Beginn und in der Mitte der Legislaturperiode von der Fraktionsversammlung aller Abgeordneten gew\u00e4hlt wird.\" \/>\n<meta property=\"og:url\" content=\"https:\/\/www.gruene-hessen.de\/landtag\/downloads-service\/pressefotos\/fraktionsvorstand\/\" \/>\n<meta property=\"og:site_name\" content=\"Fraktion B\u00fcndnis 90\/Die Gr\u00fcnen im Hessischen Landtag\" \/>\n<meta property=\"article:publisher\" content=\"https:\/\/www.facebook.com\/gruenehessen\" \/>\n<meta property=\"article:modified_time\" content=\"2016-05-11T09:51:01+00:00\" \/>\n<meta property=\"og:image\" content=\"https:\/\/www.gruene-hessen.de\/landtag\/files\/2010\/09\/Downloads.jpg\" \/>\n\t<meta property=\"og:image:width\" content=\"705\" \/>\n\t<meta property=\"og:image:height\" content=\"160\" \/>\n\t<meta property=\"og:image:type\" content=\"image\/jpeg\" \/>\n<meta name=\"twitter:card\" content=\"summary_large_image\" \/>\n<meta name=\"twitter:site\" content=\"@gruenehessen\" \/>\n<script type=\"application\/ld+json\" class=\"yoast-schema-graph\">{\"@context\":\"https:\\\/\\\/schema.org\",\"@graph\":[{\"@type\":\"WebPage\",\"@id\":\"https:\\\/\\\/www.gruene-hessen.de\\\/landtag\\\/downloads-service\\\/pressefotos\\\/fraktionsvorstand\\\/\",\"url\":\"https:\\\/\\\/www.gruene-hessen.de\\\/landtag\\\/downloads-service\\\/pressefotos\\\/fraktionsvorstand\\\/\",\"name\":\"Fraktionsvorstand - Fraktion B\u00fcndnis 90\\\/Die Gr\u00fcnen im Hessischen Landtag\",\"isPartOf\":{\"@id\":\"https:\\\/\\\/www.gruene-hessen.de\\\/landtag\\\/#website\"},\"primaryImageOfPage\":{\"@id\":\"https:\\\/\\\/www.gruene-hessen.de\\\/landtag\\\/downloads-service\\\/pressefotos\\\/fraktionsvorstand\\\/#primaryimage\"},\"image\":{\"@id\":\"https:\\\/\\\/www.gruene-hessen.de\\\/landtag\\\/downloads-service\\\/pressefotos\\\/fraktionsvorstand\\\/#primaryimage\"},\"thumbnailUrl\":\"https:\\\/\\\/www.gruene-hessen.de\\\/landtag\\\/wp-content\\\/blogs.dir\\\/2\\\/files\\\/2010\\\/09\\\/Downloads.jpg\",\"datePublished\":\"2010-09-16T09:13:26+00:00\",\"dateModified\":\"2016-05-11T09:51:01+00:00\",\"breadcrumb\":{\"@id\":\"https:\\\/\\\/www.gruene-hessen.de\\\/landtag\\\/downloads-service\\\/pressefotos\\\/fraktionsvorstand\\\/#breadcrumb\"},\"inLanguage\":\"de\",\"potentialAction\":[{\"@type\":\"ReadAction\",\"target\":[\"https:\\\/\\\/www.gruene-hessen.de\\\/landtag\\\/downloads-service\\\/pressefotos\\\/fraktionsvorstand\\\/\"]}]},{\"@type\":\"ImageObject\",\"inLanguage\":\"de\",\"@id\":\"https:\\\/\\\/www.gruene-hessen.de\\\/landtag\\\/downloads-service\\\/pressefotos\\\/fraktionsvorstand\\\/#primaryimage\",\"url\":\"https:\\\/\\\/www.gruene-hessen.de\\\/landtag\\\/wp-content\\\/blogs.dir\\\/2\\\/files\\\/2010\\\/09\\\/Downloads.jpg\",\"contentUrl\":\"https:\\\/\\\/www.gruene-hessen.de\\\/landtag\\\/wp-content\\\/blogs.dir\\\/2\\\/files\\\/2010\\\/09\\\/Downloads.jpg\",\"width\":705,\"height\":160,\"caption\":\"Headerbild Downloads & Service\"},{\"@type\":\"BreadcrumbList\",\"@id\":\"https:\\\/\\\/www.gruene-hessen.de\\\/landtag\\\/downloads-service\\\/pressefotos\\\/fraktionsvorstand\\\/#breadcrumb\",\"itemListElement\":[{\"@type\":\"ListItem\",\"position\":1,\"name\":\"Startseite\",\"item\":\"https:\\\/\\\/www.gruene-hessen.de\\\/landtag\\\/\"},{\"@type\":\"ListItem\",\"position\":2,\"name\":\"Downloads &amp; Service\",\"item\":\"https:\\\/\\\/www.gruene-hessen.de\\\/landtag\\\/downloads-service\\\/\"},{\"@type\":\"ListItem\",\"position\":3,\"name\":\"Pressefotos\",\"item\":\"https:\\\/\\\/www.gruene-hessen.de\\\/landtag\\\/downloads-service\\\/pressefotos\\\/\"},{\"@type\":\"ListItem\",\"position\":4,\"name\":\"Fraktionsvorstand\"}]},{\"@type\":\"WebSite\",\"@id\":\"https:\\\/\\\/www.gruene-hessen.de\\\/landtag\\\/#website\",\"url\":\"https:\\\/\\\/www.gruene-hessen.de\\\/landtag\\\/\",\"name\":\"Fraktion B\u00fcndnis 90\\\/Die Gr\u00fcnen im Hessischen Landtag\",\"description\":\"\",\"publisher\":{\"@id\":\"https:\\\/\\\/www.gruene-hessen.de\\\/landtag\\\/#organization\"},\"potentialAction\":[{\"@type\":\"SearchAction\",\"target\":{\"@type\":\"EntryPoint\",\"urlTemplate\":\"https:\\\/\\\/www.gruene-hessen.de\\\/landtag\\\/?s={search_term_string}\"},\"query-input\":{\"@type\":\"PropertyValueSpecification\",\"valueRequired\":true,\"valueName\":\"search_term_string\"}}],\"inLanguage\":\"de\"},{\"@type\":\"Organization\",\"@id\":\"https:\\\/\\\/www.gruene-hessen.de\\\/landtag\\\/#organization\",\"name\":\"Fraktion B\u00fcndnis 90\\\/Die Gr\u00fcnen im Hessischen Landtag\",\"url\":\"https:\\\/\\\/www.gruene-hessen.de\\\/landtag\\\/\",\"logo\":{\"@type\":\"ImageObject\",\"inLanguage\":\"de\",\"@id\":\"https:\\\/\\\/www.gruene-hessen.de\\\/landtag\\\/#\\\/schema\\\/logo\\\/image\\\/\",\"url\":\"https:\\\/\\\/www.gruene-hessen.de\\\/landtag\\\/files\\\/2023\\\/03\\\/Logo-LTF-Hessen-weiss-gruen-Pfade.png\",\"contentUrl\":\"https:\\\/\\\/www.gruene-hessen.de\\\/landtag\\\/files\\\/2023\\\/03\\\/Logo-LTF-Hessen-weiss-gruen-Pfade.png\",\"width\":1632,\"height\":1000,\"caption\":\"Fraktion B\u00fcndnis 90\\\/Die Gr\u00fcnen im Hessischen Landtag\"},\"image\":{\"@id\":\"https:\\\/\\\/www.gruene-hessen.de\\\/landtag\\\/#\\\/schema\\\/logo\\\/image\\\/\"},\"sameAs\":[\"https:\\\/\\\/www.facebook.com\\\/gruenehessen\",\"https:\\\/\\\/x.com\\\/gruenehessen\",\"https:\\\/\\\/www.instagram.com\\\/gruenehessen\\\/\"]}]}<\/script>\n<!-- \/ Yoast SEO plugin. -->","yoast_head_json":{"title":"Fraktionsvorstand - Fraktion B\u00fcndnis 90\/Die Gr\u00fcnen im Hessischen Landtag","robots":{"index":"index","follow":"follow","max-snippet":"max-snippet:-1","max-image-preview":"max-image-preview:large","max-video-preview":"max-video-preview:-1"},"canonical":"https:\/\/www.gruene-hessen.de\/landtag\/downloads-service\/pressefotos\/fraktionsvorstand\/","og_locale":"de_DE","og_type":"article","og_title":"Fraktionsvorstand - Fraktion B\u00fcndnis 90\/Die Gr\u00fcnen im Hessischen Landtag","og_description":"13 Abgeordnete, 6 Frauen und 7 M\u00e4nner, das ist die Fraktion von B\u00fcndnis 90\/Die Gr\u00fcnen im 19. Hessischen Landtag. F\u00fcnf von ihnen stellen den Vorstand, der zu Beginn und in der Mitte der Legislaturperiode von der Fraktionsversammlung aller Abgeordneten gew\u00e4hlt wird.","og_url":"https:\/\/www.gruene-hessen.de\/landtag\/downloads-service\/pressefotos\/fraktionsvorstand\/","og_site_name":"Fraktion B\u00fcndnis 90\/Die Gr\u00fcnen im Hessischen Landtag","article_publisher":"https:\/\/www.facebook.com\/gruenehessen","article_modified_time":"2016-05-11T09:51:01+00:00","og_image":[{"width":705,"height":160,"url":"https:\/\/www.gruene-hessen.de\/landtag\/files\/2010\/09\/Downloads.jpg","type":"image\/jpeg"}],"twitter_card":"summary_large_image","twitter_site":"@gruenehessen","schema":{"@context":"https:\/\/schema.org","@graph":[{"@type":"WebPage","@id":"https:\/\/www.gruene-hessen.de\/landtag\/downloads-service\/pressefotos\/fraktionsvorstand\/","url":"https:\/\/www.gruene-hessen.de\/landtag\/downloads-service\/pressefotos\/fraktionsvorstand\/","name":"Fraktionsvorstand - Fraktion B\u00fcndnis 90\/Die Gr\u00fcnen im Hessischen Landtag","isPartOf":{"@id":"https:\/\/www.gruene-hessen.de\/landtag\/#website"},"primaryImageOfPage":{"@id":"https:\/\/www.gruene-hessen.de\/landtag\/downloads-service\/pressefotos\/fraktionsvorstand\/#primaryimage"},"image":{"@id":"https:\/\/www.gruene-hessen.de\/landtag\/downloads-service\/pressefotos\/fraktionsvorstand\/#primaryimage"},"thumbnailUrl":"https:\/\/www.gruene-hessen.de\/landtag\/wp-content\/blogs.dir\/2\/files\/2010\/09\/Downloads.jpg","datePublished":"2010-09-16T09:13:26+00:00","dateModified":"2016-05-11T09:51:01+00:00","breadcrumb":{"@id":"https:\/\/www.gruene-hessen.de\/landtag\/downloads-service\/pressefotos\/fraktionsvorstand\/#breadcrumb"},"inLanguage":"de","potentialAction":[{"@type":"ReadAction","target":["https:\/\/www.gruene-hessen.de\/landtag\/downloads-service\/pressefotos\/fraktionsvorstand\/"]}]},{"@type":"ImageObject","inLanguage":"de","@id":"https:\/\/www.gruene-hessen.de\/landtag\/downloads-service\/pressefotos\/fraktionsvorstand\/#primaryimage","url":"https:\/\/www.gruene-hessen.de\/landtag\/wp-content\/blogs.dir\/2\/files\/2010\/09\/Downloads.jpg","contentUrl":"https:\/\/www.gruene-hessen.de\/landtag\/wp-content\/blogs.dir\/2\/files\/2010\/09\/Downloads.jpg","width":705,"height":160,"caption":"Headerbild Downloads & Service"},{"@type":"BreadcrumbList","@id":"https:\/\/www.gruene-hessen.de\/landtag\/downloads-service\/pressefotos\/fraktionsvorstand\/#breadcrumb","itemListElement":[{"@type":"ListItem","position":1,"name":"Startseite","item":"https:\/\/www.gruene-hessen.de\/landtag\/"},{"@type":"ListItem","position":2,"name":"Downloads &amp; Service","item":"https:\/\/www.gruene-hessen.de\/landtag\/downloads-service\/"},{"@type":"ListItem","position":3,"name":"Pressefotos","item":"https:\/\/www.gruene-hessen.de\/landtag\/downloads-service\/pressefotos\/"},{"@type":"ListItem","position":4,"name":"Fraktionsvorstand"}]},{"@type":"WebSite","@id":"https:\/\/www.gruene-hessen.de\/landtag\/#website","url":"https:\/\/www.gruene-hessen.de\/landtag\/","name":"Fraktion B\u00fcndnis 90\/Die Gr\u00fcnen im Hessischen Landtag","description":"","publisher":{"@id":"https:\/\/www.gruene-hessen.de\/landtag\/#organization"},"potentialAction":[{"@type":"SearchAction","target":{"@type":"EntryPoint","urlTemplate":"https:\/\/www.gruene-hessen.de\/landtag\/?s={search_term_string}"},"query-input":{"@type":"PropertyValueSpecification","valueRequired":true,"valueName":"search_term_string"}}],"inLanguage":"de"},{"@type":"Organization","@id":"https:\/\/www.gruene-hessen.de\/landtag\/#organization","name":"Fraktion B\u00fcndnis 90\/Die Gr\u00fcnen im Hessischen Landtag","url":"https:\/\/www.gruene-hessen.de\/landtag\/","logo":{"@type":"ImageObject","inLanguage":"de","@id":"https:\/\/www.gruene-hessen.de\/landtag\/#\/schema\/logo\/image\/","url":"https:\/\/www.gruene-hessen.de\/landtag\/files\/2023\/03\/Logo-LTF-Hessen-weiss-gruen-Pfade.png","contentUrl":"https:\/\/www.gruene-hessen.de\/landtag\/files\/2023\/03\/Logo-LTF-Hessen-weiss-gruen-Pfade.png","width":1632,"height":1000,"caption":"Fraktion B\u00fcndnis 90\/Die Gr\u00fcnen im Hessischen Landtag"},"image":{"@id":"https:\/\/www.gruene-hessen.de\/landtag\/#\/schema\/logo\/image\/"},"sameAs":["https:\/\/www.facebook.com\/gruenehessen","https:\/\/x.com\/gruenehessen","https:\/\/www.instagram.com\/gruenehessen\/"]}]}},"_links":{"self":[{"href":"https:\/\/www.gruene-hessen.de\/landtag\/wp-json\/wp\/v2\/pages\/1417","targetHints":{"allow":["GET"]}}],"collection":[{"href":"https:\/\/www.gruene-hessen.de\/landtag\/wp-json\/wp\/v2\/pages"}],"about":[{"href":"https:\/\/www.gruene-hessen.de\/landtag\/wp-json\/wp\/v2\/types\/page"}],"author":[{"embeddable":true,"href":"https:\/\/www.gruene-hessen.de\/landtag\/wp-json\/wp\/v2\/users\/3"}],"replies":[{"embeddable":true,"href":"https:\/\/www.gruene-hessen.de\/landtag\/wp-json\/wp\/v2\/comments?post=1417"}],"version-history":[{"count":0,"href":"https:\/\/www.gruene-hessen.de\/landtag\/wp-json\/wp\/v2\/pages\/1417\/revisions"}],"up":[{"embeddable":true,"href":"https:\/\/www.gruene-hessen.de\/landtag\/wp-json\/wp\/v2\/pages\/1401"}],"wp:featuredmedia":[{"embeddable":true,"href":"https:\/\/www.gruene-hessen.de\/landtag\/wp-json\/wp\/v2\/media\/8984"}],"wp:attachment":[{"href":"https:\/\/www.gruene-hessen.de\/landtag\/wp-json\/wp\/v2\/media?parent=1417"}],"curies":[{"name":"wp","href":"https:\/\/api.w.org\/{rel}","templated":true}]}}