{"version":"1.0","provider_name":"Fraktion B\u00fcndnis 90\/Die Gr\u00fcnen im Hessischen Landtag","provider_url":"https:\/\/www.gruene-hessen.de\/landtag","author_name":"Till Haupt","author_url":"https:\/\/www.gruene-hessen.de\/landtag\/author\/t-haupt\/","title":"Kinderf\u00f6rderungsgesetz: Ideenlos und unzureichend \u2500 GR\u00dcNE sehen deutliche Verschlechterung der Qualit\u00e4tsstandards - Fraktion B\u00fcndnis 90\/Die Gr\u00fcnen im Hessischen Landtag","type":"rich","width":600,"height":338,"html":"<blockquote class=\"wp-embedded-content\" data-secret=\"bOxh8cRdy8\"><a href=\"https:\/\/www.gruene-hessen.de\/landtag\/pressemitteilungen\/kinderfoerderungsges\/\">Kinderf\u00f6rderungsgesetz: Ideenlos und unzureichend \u2500 GR\u00dcNE sehen deutliche Verschlechterung der Qualit\u00e4tsstandards<\/a><\/blockquote><iframe sandbox=\"allow-scripts\" security=\"restricted\" src=\"https:\/\/www.gruene-hessen.de\/landtag\/pressemitteilungen\/kinderfoerderungsges\/embed\/#?secret=bOxh8cRdy8\" width=\"600\" height=\"338\" title=\"&#8222;Kinderf\u00f6rderungsgesetz: Ideenlos und unzureichend \u2500 GR\u00dcNE sehen deutliche Verschlechterung der Qualit\u00e4tsstandards&#8220; &#8211; Fraktion B\u00fcndnis 90\/Die Gr\u00fcnen im Hessischen Landtag\" data-secret=\"bOxh8cRdy8\" frameborder=\"0\" marginwidth=\"0\" marginheight=\"0\" scrolling=\"no\" class=\"wp-embedded-content\"><\/iframe><script type=\"text\/javascript\">\n\/* <![CDATA[ *\/\n\/*! This file is auto-generated *\/\n!function(d,l){\"use strict\";l.querySelector&&d.addEventListener&&\"undefined\"!=typeof URL&&(d.wp=d.wp||{},d.wp.receiveEmbedMessage||(d.wp.receiveEmbedMessage=function(e){var t=e.data;if((t||t.secret||t.message||t.value)&&!\/[^a-zA-Z0-9]\/.test(t.secret)){for(var s,r,n,a=l.querySelectorAll('iframe[data-secret=\"'+t.secret+'\"]'),o=l.querySelectorAll('blockquote[data-secret=\"'+t.secret+'\"]'),c=new RegExp(\"^https?:$\",\"i\"),i=0;i<o.length;i++)o[i].style.display=\"none\";for(i=0;i<a.length;i++)s=a[i],e.source===s.contentWindow&&(s.removeAttribute(\"style\"),\"height\"===t.message?(1e3<(r=parseInt(t.value,10))?r=1e3:~~r<200&&(r=200),s.height=r):\"link\"===t.message&&(r=new URL(s.getAttribute(\"src\")),n=new URL(t.value),c.test(n.protocol))&&n.host===r.host&&l.activeElement===s&&(d.top.location.href=t.value))}},d.addEventListener(\"message\",d.wp.receiveEmbedMessage,!1),l.addEventListener(\"DOMContentLoaded\",function(){for(var e,t,s=l.querySelectorAll(\"iframe.wp-embedded-content\"),r=0;r<s.length;r++)(t=(e=s[r]).getAttribute(\"data-secret\"))||(t=Math.random().toString(36).substring(2,12),e.src+=\"#?secret=\"+t,e.setAttribute(\"data-secret\",t)),e.contentWindow.postMessage({message:\"ready\",secret:t},\"*\")},!1)))}(window,document);\n\/\/# sourceURL=https:\/\/www.gruene-hessen.de\/landtag\/wp-includes\/js\/wp-embed.min.js\n\/* ]]> *\/\n<\/script>\n","description":"Die Landtagsfraktion von B\u00dcNDNIS 90\/DIE GR\u00dcNEN lehnt den von CDU und FDP vorgelegten Entwurf f\u00fcr ein Kinderf\u00f6rderungsgesetz (KIF\u00d6G) als \u201eideenlos und unzureichend\u201c ab. \u201eJahrelang hat diese Regierung die Entwicklung im Bereich der Kinderbetreuung verschlafen, zu wenig Betreuungspl\u00e4tze geschaffen und zu wenig Erzieherinnen und Erzieher ausgebildet. Dies hat zur Folge, dass sich nun die Gruppengr\u00f6\u00dfen und [&hellip;]","thumbnail_url":"https:\/\/www.gruene-hessen.de\/landtag\/files\/2012\/11\/Kinder233.jpg"}