{"version":"1.0","provider_name":"Fraktion B\u00fcndnis 90\/Die Gr\u00fcnen im Hessischen Landtag","provider_url":"https:\/\/www.gruene-hessen.de\/landtag","author_name":"Till Haupt","author_url":"https:\/\/www.gruene-hessen.de\/landtag\/author\/t-haupt\/","title":"Innenministerkonferenz - GR\u00dcNE: Bouffier soll sich f\u00fcr Verl\u00e4ngerung der Bleiberechtsregelung einsetzen - Fraktion B\u00fcndnis 90\/Die Gr\u00fcnen im Hessischen Landtag","type":"rich","width":600,"height":338,"html":"<blockquote class=\"wp-embedded-content\" data-secret=\"mpWi09qWdE\"><a href=\"https:\/\/www.gruene-hessen.de\/landtag\/pressemitteilungen\/innenministerkonfere\/\">Innenministerkonferenz &#8211; GR\u00dcNE: Bouffier soll sich f\u00fcr Verl\u00e4ngerung der Bleiberechtsregelung einsetzen<\/a><\/blockquote><iframe sandbox=\"allow-scripts\" security=\"restricted\" src=\"https:\/\/www.gruene-hessen.de\/landtag\/pressemitteilungen\/innenministerkonfere\/embed\/#?secret=mpWi09qWdE\" width=\"600\" height=\"338\" title=\"&#8222;Innenministerkonferenz &#8211; GR\u00dcNE: Bouffier soll sich f\u00fcr Verl\u00e4ngerung der Bleiberechtsregelung einsetzen&#8220; &#8211; Fraktion B\u00fcndnis 90\/Die Gr\u00fcnen im Hessischen Landtag\" data-secret=\"mpWi09qWdE\" frameborder=\"0\" marginwidth=\"0\" marginheight=\"0\" scrolling=\"no\" class=\"wp-embedded-content\"><\/iframe><script type=\"text\/javascript\">\n\/* <![CDATA[ *\/\n\/*! This file is auto-generated *\/\n!function(d,l){\"use strict\";l.querySelector&&d.addEventListener&&\"undefined\"!=typeof URL&&(d.wp=d.wp||{},d.wp.receiveEmbedMessage||(d.wp.receiveEmbedMessage=function(e){var t=e.data;if((t||t.secret||t.message||t.value)&&!\/[^a-zA-Z0-9]\/.test(t.secret)){for(var s,r,n,a=l.querySelectorAll('iframe[data-secret=\"'+t.secret+'\"]'),o=l.querySelectorAll('blockquote[data-secret=\"'+t.secret+'\"]'),c=new RegExp(\"^https?:$\",\"i\"),i=0;i<o.length;i++)o[i].style.display=\"none\";for(i=0;i<a.length;i++)s=a[i],e.source===s.contentWindow&&(s.removeAttribute(\"style\"),\"height\"===t.message?(1e3<(r=parseInt(t.value,10))?r=1e3:~~r<200&&(r=200),s.height=r):\"link\"===t.message&&(r=new URL(s.getAttribute(\"src\")),n=new URL(t.value),c.test(n.protocol))&&n.host===r.host&&l.activeElement===s&&(d.top.location.href=t.value))}},d.addEventListener(\"message\",d.wp.receiveEmbedMessage,!1),l.addEventListener(\"DOMContentLoaded\",function(){for(var e,t,s=l.querySelectorAll(\"iframe.wp-embedded-content\"),r=0;r<s.length;r++)(t=(e=s[r]).getAttribute(\"data-secret\"))||(t=Math.random().toString(36).substring(2,12),e.src+=\"#?secret=\"+t,e.setAttribute(\"data-secret\",t)),e.contentWindow.postMessage({message:\"ready\",secret:t},\"*\")},!1)))}(window,document);\n\/\/# sourceURL=https:\/\/www.gruene-hessen.de\/landtag\/wp-includes\/js\/wp-embed.min.js\n\/* ]]> *\/\n<\/script>\n","description":"Die Landtagsfraktion von B\u00dcNDNIS 90\/DIE GR\u00dcNEN fordert Innenminister Bouffier (CDU) auf, sich auf der heute beginnenden Innenministerkonferenz in Bremen f\u00fcr eine Verl\u00e4ngerung des Bleiberechts f\u00fcr Fl\u00fcchtlinge um mindestens zwei Jahre einzusetzen. Ein entsprechender Brief der GR\u00dcNEN wurde an den Innenminister gesandt. Auch Bundesstaatsministerin Maria B\u00f6hmer hatte sich am Montag f\u00fcr eine Verl\u00e4ngerung der Regelung ausgesprochen. [&hellip;]"}