{"version":"1.0","provider_name":"Fraktion B\u00fcndnis 90\/Die Gr\u00fcnen im Hessischen Landtag","provider_url":"https:\/\/www.gruene-hessen.de\/landtag","author_name":"sophia","author_url":"https:\/\/www.gruene-hessen.de\/landtag\/author\/sophia\/","title":"Energiekostenpauschale - Fraktion B\u00fcndnis 90\/Die Gr\u00fcnen im Hessischen Landtag","type":"rich","width":600,"height":338,"html":"<blockquote class=\"wp-embedded-content\" data-secret=\"jJsLRVjojc\"><a href=\"https:\/\/www.gruene-hessen.de\/landtag\/pressemitteilungen\/energiekostenpauscha\/\">Energiekostenpauschale<\/a><\/blockquote><iframe sandbox=\"allow-scripts\" security=\"restricted\" src=\"https:\/\/www.gruene-hessen.de\/landtag\/pressemitteilungen\/energiekostenpauscha\/embed\/#?secret=jJsLRVjojc\" width=\"600\" height=\"338\" title=\"&#8222;Energiekostenpauschale&#8220; &#8211; Fraktion B\u00fcndnis 90\/Die Gr\u00fcnen im Hessischen Landtag\" data-secret=\"jJsLRVjojc\" frameborder=\"0\" marginwidth=\"0\" marginheight=\"0\" scrolling=\"no\" class=\"wp-embedded-content\"><\/iframe><script type=\"text\/javascript\">\n\/* <![CDATA[ *\/\n\/*! This file is auto-generated *\/\n!function(d,l){\"use strict\";l.querySelector&&d.addEventListener&&\"undefined\"!=typeof URL&&(d.wp=d.wp||{},d.wp.receiveEmbedMessage||(d.wp.receiveEmbedMessage=function(e){var t=e.data;if((t||t.secret||t.message||t.value)&&!\/[^a-zA-Z0-9]\/.test(t.secret)){for(var s,r,n,a=l.querySelectorAll('iframe[data-secret=\"'+t.secret+'\"]'),o=l.querySelectorAll('blockquote[data-secret=\"'+t.secret+'\"]'),c=new RegExp(\"^https?:$\",\"i\"),i=0;i<o.length;i++)o[i].style.display=\"none\";for(i=0;i<a.length;i++)s=a[i],e.source===s.contentWindow&&(s.removeAttribute(\"style\"),\"height\"===t.message?(1e3<(r=parseInt(t.value,10))?r=1e3:~~r<200&&(r=200),s.height=r):\"link\"===t.message&&(r=new URL(s.getAttribute(\"src\")),n=new URL(t.value),c.test(n.protocol))&&n.host===r.host&&l.activeElement===s&&(d.top.location.href=t.value))}},d.addEventListener(\"message\",d.wp.receiveEmbedMessage,!1),l.addEventListener(\"DOMContentLoaded\",function(){for(var e,t,s=l.querySelectorAll(\"iframe.wp-embedded-content\"),r=0;r<s.length;r++)(t=(e=s[r]).getAttribute(\"data-secret\"))||(t=Math.random().toString(36).substring(2,12),e.src+=\"#?secret=\"+t,e.setAttribute(\"data-secret\",t)),e.contentWindow.postMessage({message:\"ready\",secret:t},\"*\")},!1)))}(window,document);\n\/\/# sourceURL=https:\/\/www.gruene-hessen.de\/landtag\/wp-includes\/js\/wp-embed.min.js\n\/* ]]> *\/\n<\/script>\n","thumbnail_url":"https:\/\/www.gruene-hessen.de\/landtag\/files\/2020\/01\/J\u00fcrgen-400x400px.jpg","thumbnail_width":400,"thumbnail_height":400,"description":"Land unterst\u00fctzt Versorgungsempf\u00e4ngerinnen und Versorgungsempf\u00e4nger mit insgesamt 17 Millionen Euro &nbsp; J\u00fcrgen Fr\u00f6mmrich, Parlamentarischer Gesch\u00e4ftsf\u00fchrer der GR\u00dcNEN Landtagsfraktion: \u201eDer v\u00f6lkerrechtswidrige \u00dcberfall Russlands auf die Ukraine hat dazu gef\u00fchrt, dass sich die Energiekosten f\u00fcr die Menschen in unserem Land drastisch erh\u00f6ht haben. Der Landtag hat darum heute eine Energiekostenpauschale in H\u00f6he von 300 Euro f\u00fcr alle [&hellip;]"}