{"id":9,"date":"2025-10-14T15:30:47","date_gmt":"2025-10-14T13:30:47","guid":{"rendered":"https:\/\/www.gruene-hessen.de\/test-kommunalwahl2026\/?page_id=9"},"modified":"2026-02-02T09:55:19","modified_gmt":"2026-02-02T08:55:19","slug":"startseite","status":"publish","type":"page","link":"https:\/\/www.gruene-hessen.de\/kommunalwahl-2026\/","title":{"rendered":"Startseite"},"content":{"rendered":"<div id=\"pl-9\"  class=\"panel-layout\" ><div id=\"pg-9-0\"  class=\"panel-grid panel-has-style\" ><div class=\"siteorigin-panels-stretch panel-row-style panel-row-style-for-9-0\" data-stretch-type=\"full\" ><div id=\"pgc-9-0-0\"  class=\"panel-grid-cell\" ><div id=\"panel-9-0-0-0\" class=\"so-panel widget widget_sow-image panel-first-child\" data-index=\"0\" ><div\n\t\t\t\n\t\t\tclass=\"so-widget-sow-image so-widget-sow-image-default-8b5b6f678277-9\"\n\t\t\t\n\t\t>\n<div class=\"sow-image-container\">\n\t\t<img \n\tsrc=\"https:\/\/www.gruene-hessen.de\/kommunalwahl-2026\/files\/2025\/10\/hero-Bild.jpg\" width=\"1620\" height=\"1080\" srcset=\"https:\/\/www.gruene-hessen.de\/kommunalwahl-2026\/wp-content\/blogs.dir\/17\/files\/2025\/10\/hero-Bild.jpg 1620w, https:\/\/www.gruene-hessen.de\/kommunalwahl-2026\/wp-content\/blogs.dir\/17\/files\/2025\/10\/hero-Bild-300x200.jpg 300w, https:\/\/www.gruene-hessen.de\/kommunalwahl-2026\/wp-content\/blogs.dir\/17\/files\/2025\/10\/hero-Bild-1024x683.jpg 1024w, https:\/\/www.gruene-hessen.de\/kommunalwahl-2026\/wp-content\/blogs.dir\/17\/files\/2025\/10\/hero-Bild-768x512.jpg 768w, https:\/\/www.gruene-hessen.de\/kommunalwahl-2026\/wp-content\/blogs.dir\/17\/files\/2025\/10\/hero-Bild-1536x1024.jpg 1536w, https:\/\/www.gruene-hessen.de\/kommunalwahl-2026\/wp-content\/blogs.dir\/17\/files\/2025\/10\/hero-Bild-480x320.jpg 480w, https:\/\/www.gruene-hessen.de\/kommunalwahl-2026\/wp-content\/blogs.dir\/17\/files\/2025\/10\/hero-Bild-272x182.jpg 272w\" sizes=\"(max-width: 1620px) 100vw, 1620px\" alt=\"\" \t\tclass=\"so-widget-image\"\/>\n\t<\/div>\n\n<\/div><\/div><div id=\"panel-9-0-0-1\" class=\"widget_text so-panel widget widget_custom_html\" data-index=\"1\" ><div class=\"widget_text titel panel-widget-style panel-widget-style-for-9-0-0-1\" id=\"1\" ><div class=\"textwidget custom-html-widget\"><h1>\n<a href=\"https:\/\/www.gruene-hessen.de\/kommunalwahl-2026\/themen\/\" title=\"Mehr Infos zu den GR\u00dcNEN Themen\">MEHR GR\u00dcNE THEMEN<\/a>\n<\/h1><\/div><\/div><\/div><div id=\"panel-9-0-0-2\" class=\"so-panel widget widget_sow-anything-carousel\" data-index=\"2\" ><div\n\t\t\t\n\t\t\tclass=\"so-widget-sow-anything-carousel so-widget-sow-anything-carousel-base-9a17f2d474a6-9\"\n\t\t\t\n\t\t><div class=\"sow-carousel-title\">\n\t<\/div>\n\n<div class=\"sow-carousel-container \">\n\t\t\t<div class=\"sow-carousel-navigation sow-carousel-navigation-prev \">\n\t\t\t\t\t\t<a href=\"#\" class=\"sow-carousel-previous\" title=\"Previous\" aria-label=\"Previous Posts\" role=\"button\"><\/a>\n\t\t\t\t\t<\/div>\n\t\t<div class=\"sow-carousel-wrapper\"\n\t\tdata-dir=\"ltr\"\n\t\tstyle=\"opacity: 0;\"\n\t\tdata-widget=\"anything\" data-item_count=\"5\" data-loop=\"\" data-carousel_settings=\"{&quot;loop&quot;:true,&quot;dots&quot;:&quot;&quot;,&quot;animation&quot;:&quot;ease&quot;,&quot;animation_speed&quot;:400,&quot;autoplay&quot;:&quot;&quot;,&quot;pauseOnHover&quot;:&quot;&quot;,&quot;autoplaySpeed&quot;:8000,&quot;item_overflow&quot;:false,&quot;adaptive_height&quot;:&quot;&quot;,&quot;appendDots&quot;:false}\" data-responsive=\"{&quot;desktop_slides_to_scroll&quot;:1,&quot;tablet_landscape_breakpoint&quot;:1366,&quot;tablet_landscape_slides_to_scroll&quot;:3,&quot;tablet_portrait_breakpoint&quot;:1025,&quot;tablet_portrait_slides_to_scroll&quot;:2,&quot;mobile_breakpoint&quot;:480,&quot;mobile_slides_to_scroll&quot;:1,&quot;desktop_slides_to_show&quot;:4,&quot;tablet_landscape_slides_to_show&quot;:3,&quot;tablet_portrait_slides_to_show&quot;:2,&quot;mobile_slides_to_show&quot;:1}\" \t>\n\t\t<div\n\t\t\tclass=\"sow-carousel-items\"\n\t\t\t\t\t>\n\t\t\t\t<div class=\"sow-carousel-item\" tabindex=\"-1\">\n\t\t\n\t\t<div class=\"sow-carousel-content\">\n\t\t\t<p><a title=\"Mehr zu den GR\u00dcNEN Themen\" href=\"https:\/\/www.gruene-hessen.de\/kommunalwahl-2026\/themen\/\"><img loading=\"lazy\" decoding=\"async\" class=\"aligncenter wp-image-257 size-full\" src=\"https:\/\/www.gruene-hessen.de\/kommunalwahl-2026\/files\/2025\/10\/Mobilitaet-neu.jpg\" alt=\"Bild zum Thema Mobilit\u00e4t. Dunkelgr\u00fcnes Bus Icon auf Mittelgr\u00fcn mit magentafarbenen Rahmen und dem wei\u00dfen Text: &quot;Mehr erreichen auf allen Wegen!&quot;\" width=\"220\" height=\"312\" srcset=\"https:\/\/www.gruene-hessen.de\/kommunalwahl-2026\/wp-content\/blogs.dir\/17\/files\/2025\/10\/Mobilitaet-neu.jpg 220w, https:\/\/www.gruene-hessen.de\/kommunalwahl-2026\/wp-content\/blogs.dir\/17\/files\/2025\/10\/Mobilitaet-neu-212x300.jpg 212w\" sizes=\"auto, (max-width: 220px) 100vw, 220px\" \/><\/a><\/p>\n\t\t<\/div>\n\t<\/div>\n\t\t<div class=\"sow-carousel-item\" tabindex=\"-1\">\n\t\t\n\t\t<div class=\"sow-carousel-content\">\n\t\t\t<p><a title=\"Mehr zu den GR\u00dcNEN Themen\" href=\"https:\/\/www.gruene-hessen.de\/kommunalwahl-2026\/themen\/\"><img loading=\"lazy\" decoding=\"async\" class=\"aligncenter wp-image-259 size-full\" src=\"https:\/\/www.gruene-hessen.de\/kommunalwahl-2026\/files\/2025\/10\/Wohnen-neu.jpg\" alt=\"Bild zum Thema Wohnen. Dunkelgr\u00fcnes Schl\u00fcssel-Icon auf Mittelgr\u00fcn mit magentafarbenen Rahmen und dem Text: &quot;Mehr Zuhause fair mieten!&quot;\" width=\"220\" height=\"312\" srcset=\"https:\/\/www.gruene-hessen.de\/kommunalwahl-2026\/wp-content\/blogs.dir\/17\/files\/2025\/10\/Wohnen-neu.jpg 220w, https:\/\/www.gruene-hessen.de\/kommunalwahl-2026\/wp-content\/blogs.dir\/17\/files\/2025\/10\/Wohnen-neu-212x300.jpg 212w\" sizes=\"auto, (max-width: 220px) 100vw, 220px\" \/><\/a><\/p>\n\t\t<\/div>\n\t<\/div>\n\t\t<div class=\"sow-carousel-item\" tabindex=\"-1\">\n\t\t\n\t\t<div class=\"sow-carousel-content\">\n\t\t\t<p><a title=\"Mehr zu den GR\u00dcNEN Themen\" href=\"https:\/\/www.gruene-hessen.de\/kommunalwahl-2026\/themen\/\"><img loading=\"lazy\" decoding=\"async\" class=\"aligncenter wp-image-322 size-full\" src=\"https:\/\/www.gruene-hessen.de\/kommunalwahl-2026\/files\/2025\/10\/Energie-neu.jpg\" alt=\"Bild zum Thema Energie. Dunkelgr\u00fcne Icons von Sonne und Solarzelle auf Mittelgr\u00fcn mit magentafarbenen Rahmen und dem Text: &quot;Mehr Sonne tanken!&quot;\" width=\"220\" height=\"312\" srcset=\"https:\/\/www.gruene-hessen.de\/kommunalwahl-2026\/wp-content\/blogs.dir\/17\/files\/2025\/10\/Energie-neu.jpg 220w, https:\/\/www.gruene-hessen.de\/kommunalwahl-2026\/wp-content\/blogs.dir\/17\/files\/2025\/10\/Energie-neu-212x300.jpg 212w\" sizes=\"auto, (max-width: 220px) 100vw, 220px\" \/><\/a><\/p>\n\t\t<\/div>\n\t<\/div>\n\t\t<div class=\"sow-carousel-item\" tabindex=\"-1\">\n\t\t\n\t\t<div class=\"sow-carousel-content\">\n\t\t\t<a title=\"Mehr zu den GR\u00dcNEN Themen\" href=\"https:\/\/www.gruene-hessen.de\/kommunalwahl-2026\/themen\/\"><img loading=\"lazy\" decoding=\"async\" class=\"aligncenter wp-image-260 size-full\" src=\"https:\/\/www.gruene-hessen.de\/kommunalwahl-2026\/files\/2025\/11\/DieGruenen-Hessen_Plakat_Kita_Bildung.jpg\" alt=\"Bild zum Thema Bildung. Dunkelgr\u00fcnes M\u00e4dchen-Icon auf Mittelgr\u00fcn mit magentafarbenen Rahmen und dem Text: &quot;Mehr Kitas richtig aufm\u00f6beln!&quot;\" width=\"220\" height=\"312\"\/><\/a>\t\t<\/div>\n\t<\/div>\n\t\t<div class=\"sow-carousel-item\" tabindex=\"-1\">\n\t\t\n\t\t<div class=\"sow-carousel-content\">\n\t\t\t<a title=\"Mehr zu den GR\u00dcNEN Themen\" href=\"https:\/\/www.gruene-hessen.de\/kommunalwahl-2026\/themen\/\"><img loading=\"lazy\" decoding=\"async\" class=\"aligncenter wp-image-323 size-full\" src=\"https:\/\/www.gruene-hessen.de\/kommunalwahl-2026\/files\/2025\/10\/Jugend-neu.jpg\" alt=\"Bild zum Thema Jugend. Dunkelgr\u00fcnes Icon einer sich \u00f6ffnenden T\u00fcr auf Mittelgr\u00fcn mit magentafarbenen Rahmen und dem Text: &quot;Mehr R\u00e4ume f\u00fcr die Jugend!&quot;\" width=\"220\" height=\"312\" srcset=\"https:\/\/www.gruene-hessen.de\/kommunalwahl-2026\/wp-content\/blogs.dir\/17\/files\/2025\/10\/Jugend-neu.jpg 220w, https:\/\/www.gruene-hessen.de\/kommunalwahl-2026\/wp-content\/blogs.dir\/17\/files\/2025\/10\/Jugend-neu-212x300.jpg 212w\" sizes=\"auto, (max-width: 220px) 100vw, 220px\" \/><\/a>\t\t<\/div>\n\t<\/div>\n\t\t\t<\/div>\n\t\t\t<\/div>\n\n\t\t\t<div class=\"sow-carousel-navigation sow-carousel-navigation-next \">\n\t\t\t\t\t\t<a href=\"#\" class=\"sow-carousel-next\" title=\"Next\" aria-label=\"Next Posts\" role=\"button\"><\/a>\n\t\t\t\t\t<\/div>\n\t<\/div>\n<\/div><\/div><div id=\"panel-9-0-0-3\" class=\"widget_text so-panel widget widget_custom_html\" data-index=\"3\" ><div class=\"widget_text titel panel-widget-style panel-widget-style-for-9-0-0-3\" id=\"1\" ><div class=\"textwidget custom-html-widget\"><h1>\n\tMEHR GR\u00dcNE TERMINE\n<\/h1><\/div><\/div><\/div><div  class=\"tribe-compatibility-container\" >\n\t<div\n\t\t class=\"tribe-common tribe-events tribe-events-view tribe-events-view--widget-events-list tribe-events-widget\" \t\tdata-js=\"tribe-events-view\"\n\t\tdata-view-rest-url=\"https:\/\/www.gruene-hessen.de\/kommunalwahl-2026\/wp-json\/tribe\/views\/v2\/html\"\n\t\tdata-view-manage-url=\"1\"\n\t\t\t\t\t\t\tdata-view-breakpoint-pointer=\"2f1aea74-1f37-4fcd-b3cc-80e81de4c293\"\n\t\t\t>\n\t\t<div class=\"tribe-events-widget-events-list\">\n\n\t\t\t\n\t\t\t<script data-js=\"tribe-events-view-data\" type=\"application\/json\">\n\t{\"slug\":\"widget-events-list\",\"prev_url\":\"\",\"next_url\":\"\",\"view_class\":\"Tribe\\\\Events\\\\Views\\\\V2\\\\Views\\\\Widgets\\\\Widget_List_View\",\"view_slug\":\"widget-events-list\",\"view_label\":\"View\",\"view\":null,\"should_manage_url\":true,\"id\":null,\"alias-slugs\":null,\"title\":\"Anstehende Veranstaltungen \\u2013 GR\\u00dcNE Kommunalwahl 2026\",\"limit\":\"5\",\"no_upcoming_events\":false,\"featured_events_only\":false,\"jsonld_enable\":true,\"tribe_is_list_widget\":false,\"admin_fields\":{\"title\":{\"label\":\"Titel:\",\"type\":\"text\",\"parent_classes\":\"\",\"classes\":\"\",\"dependency\":\"\",\"id\":\"widget-tribe-widget-events-list-1-title\",\"name\":\"widget-tribe-widget-events-list[1][title]\",\"options\":[],\"placeholder\":\"\",\"value\":null},\"limit\":{\"label\":\"Anzeige:\",\"type\":\"number\",\"default\":5,\"min\":1,\"max\":10,\"step\":1,\"parent_classes\":\"\",\"classes\":\"\",\"dependency\":\"\",\"id\":\"widget-tribe-widget-events-list-1-limit\",\"name\":\"widget-tribe-widget-events-list[1][limit]\",\"options\":[],\"placeholder\":\"\",\"value\":null},\"no_upcoming_events\":{\"label\":\"Blende dieses Widget aus, wenn es keine bevorstehenden Veranstaltungen gibt.\",\"type\":\"checkbox\",\"parent_classes\":\"\",\"classes\":\"\",\"dependency\":\"\",\"id\":\"widget-tribe-widget-events-list-1-no_upcoming_events\",\"name\":\"widget-tribe-widget-events-list[1][no_upcoming_events]\",\"options\":[],\"placeholder\":\"\",\"value\":null},\"featured_events_only\":{\"label\":\"Nur auf hervorgehobene Veranstaltungen beschr\\u00e4nken\",\"type\":\"checkbox\",\"parent_classes\":\"\",\"classes\":\"\",\"dependency\":\"\",\"id\":\"widget-tribe-widget-events-list-1-featured_events_only\",\"name\":\"widget-tribe-widget-events-list[1][featured_events_only]\",\"options\":[],\"placeholder\":\"\",\"value\":null},\"jsonld_enable\":{\"label\":\"JSON-LD-Daten generieren\",\"type\":\"checkbox\",\"parent_classes\":\"\",\"classes\":\"\",\"dependency\":\"\",\"id\":\"widget-tribe-widget-events-list-1-jsonld_enable\",\"name\":\"widget-tribe-widget-events-list[1][jsonld_enable]\",\"options\":[],\"placeholder\":\"\",\"value\":null}},\"so_sidebar_emulator_id\":\"tribe-widget-events-list-910004\",\"option_name\":\"widget_tribe-widget-events-list\",\"panels_info\":{\"class\":\"Tribe\\\\Events\\\\Views\\\\V2\\\\Widgets\\\\Widget_List\",\"raw\":false,\"grid\":0,\"cell\":0,\"id\":4,\"widget_id\":\"adc823c8-662c-49c4-b0c1-c00acbfb0339\",\"style\":{\"background_image_attachment\":false,\"background_display\":\"tile\",\"background_image_size\":\"full\",\"background_image_opacity\":\"100\",\"border_thickness\":\"1px\",\"so_cpt_readonly\":\"\"},\"cell_index\":4,\"widget_index\":4},\"events\":[],\"url\":\"https:\\\/\\\/www.gruene-hessen.de\\\/kommunalwahl-2026\\\/?post_type=tribe_events&eventDisplay=widget-events-list\",\"url_event_date\":false,\"bar\":{\"keyword\":\"\",\"date\":\"\"},\"today\":\"2026-04-30 00:00:00\",\"now\":\"2026-04-30 10:15:33\",\"home_url\":\"https:\\\/\\\/www.gruene-hessen.de\\\/kommunalwahl-2026\",\"rest_url\":\"https:\\\/\\\/www.gruene-hessen.de\\\/kommunalwahl-2026\\\/wp-json\\\/tribe\\\/views\\\/v2\\\/html\",\"rest_method\":\"GET\",\"rest_nonce\":\"\",\"today_url\":\"https:\\\/\\\/www.gruene-hessen.de\\\/kommunalwahl-2026\\\/?post_type=tribe_events&eventDisplay=widget-events-list&rest_route=%2Fwp%2Fv2%2Fpages%2F9\",\"today_title\":\"Klicke, um das heutige Datum auszuw\\u00e4hlen\",\"today_label\":\"Heute\",\"prev_label\":\"\",\"next_label\":\"\",\"date_formats\":{\"compact\":\"n\\\/j\\\/Y\",\"month_and_year_compact\":\"n\\\/j\\\/Y\",\"month_and_year\":\"F Y\",\"time_range_separator\":\" - \",\"date_time_separator\":\" @ \"},\"messages\":{\"notice\":[\"Es sind keine anstehenden Veranstaltungen vorhanden.\"]},\"start_of_week\":\"1\",\"header_title\":\"\",\"header_title_element\":\"h1\",\"content_title\":\"\",\"show_content_title\":false,\"breadcrumbs\":[],\"backlink\":false,\"before_events\":\"\",\"after_events\":\"\\n<!--\\nThis calendar is powered by The Events Calendar.\\nhttp:\\\/\\\/evnt.is\\\/18wn\\n-->\\n\",\"display_events_bar\":false,\"disable_event_search\":false,\"live_refresh\":true,\"ical\":{\"display_link\":true,\"link\":{\"url\":\"https:\\\/\\\/www.gruene-hessen.de\\\/kommunalwahl-2026\\\/?post_type=tribe_events&#038;eventDisplay=widget-events-list&#038;ical=1\",\"text\":\"Veranstaltungen als iCal exportieren\",\"title\":\"Diese Funktion verwenden, um Kalenderdaten mit Google Kalender, Apple iCal und kompatiblen Apps zu teilen\"}},\"container_classes\":[\"tribe-common\",\"tribe-events\",\"tribe-events-view\",\"tribe-events-view--widget-events-list\",\"tribe-events-widget\"],\"container_data\":[],\"is_past\":false,\"breakpoints\":{\"xsmall\":500,\"medium\":768,\"full\":960},\"breakpoint_pointer\":\"2f1aea74-1f37-4fcd-b3cc-80e81de4c293\",\"is_initial_load\":false,\"public_views\":{\"list\":{\"view_class\":\"Tribe\\\\Events\\\\Views\\\\V2\\\\Views\\\\List_View\",\"view_url\":\"https:\\\/\\\/www.gruene-hessen.de\\\/kommunalwahl-2026\\\/events\\\/liste\\\/\",\"view_label\":\"Liste\",\"aria_label\":\"Zeige Veranstaltungen in der Liste Ansicht\"},\"month\":{\"view_class\":\"Tribe\\\\Events\\\\Views\\\\V2\\\\Views\\\\Month_View\",\"view_url\":\"https:\\\/\\\/www.gruene-hessen.de\\\/kommunalwahl-2026\\\/events\\\/monat\\\/\",\"view_label\":\"Monat\",\"aria_label\":\"Zeige Veranstaltungen in der Monat Ansicht\"},\"day\":{\"view_class\":\"Tribe\\\\Events\\\\Views\\\\V2\\\\Views\\\\Day_View\",\"view_url\":\"https:\\\/\\\/www.gruene-hessen.de\\\/kommunalwahl-2026\\\/events\\\/heute\\\/\",\"view_label\":\"Tag\",\"aria_label\":\"Zeige Veranstaltungen in der Tag Ansicht\"}},\"show_latest_past\":false,\"past\":false,\"compatibility_classes\":[\"tribe-compatibility-container\"],\"view_more_text\":\"Kalender anzeigen\",\"view_more_title\":\"Weitere Veranstaltungen anzeigen.\",\"view_more_link\":\"https:\\\/\\\/www.gruene-hessen.de\\\/kommunalwahl-2026\\\/events\\\/\",\"widget_title\":\"Bevorstehende Veranstaltungen\",\"hide_if_no_upcoming_events\":false,\"display\":[],\"subscribe_links\":{\"gcal\":{\"label\":\"Google Kalender\",\"single_label\":\"Zu Google Kalender hinzuf\\u00fcgen\",\"visible\":true,\"block_slug\":\"hasGoogleCalendar\"},\"ical\":{\"label\":\"iCalendar\",\"single_label\":\"Zu iCalendar hinzuf\\u00fcgen\",\"visible\":true,\"block_slug\":\"hasiCal\"},\"outlook-365\":{\"label\":\"Outlook 365\",\"single_label\":\"Outlook 365\",\"visible\":true,\"block_slug\":\"hasOutlook365\"},\"outlook-live\":{\"label\":\"Outlook Live\",\"single_label\":\"Outlook Live\",\"visible\":true,\"block_slug\":\"hasOutlookLive\"},\"ics\":{\"label\":\".ics-Datei exportieren\",\"single_label\":\".ics-Datei exportieren\",\"visible\":true,\"block_slug\":null},\"outlook-ics\":{\"label\":\"Exportiere Outlook .ics Datei\",\"single_label\":\"Exportiere Outlook .ics Datei\",\"visible\":true,\"block_slug\":null}},\"_context\":{\"slug\":\"widget-events-list\"}}<\/script>\n\n\t\t\t\t\t\t\t<header class=\"tribe-events-widget-events-list__header\">\n\t\t\t\t\t<h2 class=\"tribe-events-widget-events-list__header-title tribe-common-h6 tribe-common-h--alt\">\n\t\t\t\t\t\tBevorstehende Veranstaltungen\t\t\t\t\t<\/h2>\n\t\t\t\t<\/header>\n\t\t\t\n\t\t\t\n\t\t\t\t<div  class=\"tribe-events-header__messages tribe-events-c-messages tribe-common-b2\"  >\n\t\t\t<div class=\"tribe-events-c-messages__message tribe-events-c-messages__message--notice\" tabindex=\"0\" role=\"alert\" aria-live=\"assertive\">\n\t\t\t<svg\n\t class=\"tribe-common-c-svgicon tribe-common-c-svgicon--messages-not-found tribe-events-c-messages__message-icon-svg\" \taria-hidden=\"true\"\n\tviewBox=\"0 0 21 23\"\n\txmlns=\"http:\/\/www.w3.org\/2000\/svg\"\n>\n\t<g fill-rule=\"evenodd\">\n\t\t<path d=\"M.5 2.5h20v20H.5z\"\/>\n\t\t<path stroke-linecap=\"round\" d=\"M7.583 11.583l5.834 5.834m0-5.834l-5.834 5.834\" class=\"tribe-common-c-svgicon__svg-stroke\"\/>\n\t\t<path stroke-linecap=\"round\" d=\"M4.5.5v4m12-4v4\"\/>\n\t\t<path stroke-linecap=\"square\" d=\"M.5 7.5h20\"\/>\n\t<\/g>\n<\/svg>\n<span class=\"tribe-common-a11y-visual-hide\">\n\tHinweis<\/span>\n\t\t\t\t\t\t\t<div\n\t\t\t\t\t data-key=\"0\" >\n\t\t\t\t\tEs sind keine anstehenden Veranstaltungen vorhanden.\t\t\t\t<\/div>\n\t\t\t\t\t<\/div>\n\t<\/div>\n\n\t\t\t\t\t<\/div>\n\t<\/div>\n<\/div>\n<script data-js='tribe-events-view-nonce-data' type='application\/json'>{\"tvn1\":\"e824e88154\",\"tvn2\":\"\"}<\/script><\/div><div id=\"pgc-9-0-1\"  class=\"panel-grid-cell\" ><div id=\"panel-9-0-1-0\" class=\"so-panel widget widget_sow-image panel-first-child\" data-index=\"5\" ><div\n\t\t\t\n\t\t\tclass=\"so-widget-sow-image so-widget-sow-image-default-dbf295114b96-9\"\n\t\t\t\n\t\t>\n<div class=\"sow-image-container\">\n\t\t\t<a href=\"https:\/\/gruene-hessen.123plakat.de\"\n\t\t\ttarget=\"_blank\" rel=\"noopener noreferrer\" \t\t>\n\t\t\t<img \n\tsrc=\"https:\/\/www.gruene-hessen.de\/kommunalwahl-2026\/files\/2025\/10\/Banner-Plakate-400px.jpg\" width=\"400\" height=\"267\" srcset=\"https:\/\/www.gruene-hessen.de\/kommunalwahl-2026\/wp-content\/blogs.dir\/17\/files\/2025\/10\/Banner-Plakate-400px.jpg 400w, https:\/\/www.gruene-hessen.de\/kommunalwahl-2026\/wp-content\/blogs.dir\/17\/files\/2025\/10\/Banner-Plakate-400px-300x200.jpg 300w, https:\/\/www.gruene-hessen.de\/kommunalwahl-2026\/wp-content\/blogs.dir\/17\/files\/2025\/10\/Banner-Plakate-400px-272x182.jpg 272w\" sizes=\"(max-width: 400px) 100vw, 400px\" title=\"Jetzt Plakat spenden!\" alt=\"Banner dunkelgr\u00fcn auf Mintgr\u00fcn, Text: &quot;Mehr GR\u00dcN vor Ort! Plakat spenden.&quot;\" \t\tclass=\"so-widget-image\"\/>\n\t\t\t<\/a><\/div>\n\n<\/div><\/div><div id=\"panel-9-0-1-1\" class=\"so-panel widget widget_sow-image\" data-index=\"6\" ><div\n\t\t\t\n\t\t\tclass=\"so-widget-sow-image so-widget-sow-image-default-dbf295114b96-9\"\n\t\t\t\n\t\t>\n<div class=\"sow-image-container\">\n\t\t\t<a href=\"https:\/\/chat.whatsapp.com\/IxddBtbaxDeKDl8Z8g9PzH\"\n\t\t\ttarget=\"_blank\" rel=\"noopener noreferrer\" \t\t>\n\t\t\t<img \n\tsrc=\"https:\/\/www.gruene-hessen.de\/kommunalwahl-2026\/files\/2025\/10\/Banner-WhatsApp-400px.jpg\" width=\"400\" height=\"267\" srcset=\"https:\/\/www.gruene-hessen.de\/kommunalwahl-2026\/wp-content\/blogs.dir\/17\/files\/2025\/10\/Banner-WhatsApp-400px.jpg 400w, https:\/\/www.gruene-hessen.de\/kommunalwahl-2026\/wp-content\/blogs.dir\/17\/files\/2025\/10\/Banner-WhatsApp-400px-300x200.jpg 300w, https:\/\/www.gruene-hessen.de\/kommunalwahl-2026\/wp-content\/blogs.dir\/17\/files\/2025\/10\/Banner-WhatsApp-400px-272x182.jpg 272w\" sizes=\"(max-width: 400px) 100vw, 400px\" title=\"Jetzt WhatsApp Community beitreten\" alt=\"Banner Dunkelgr\u00fcn auf Mintgr\u00fcn mit Smartphone Icon und dem Text: &quot;Mehr GR\u00dcN im Chat! WhatsApp Kanal.&quot;\" \t\tclass=\"so-widget-image\"\/>\n\t\t\t<\/a><\/div>\n\n<\/div><\/div><div id=\"panel-9-0-1-2\" class=\"so-panel widget widget_sow-image\" data-index=\"7\" ><div\n\t\t\t\n\t\t\tclass=\"so-widget-sow-image so-widget-sow-image-default-dbf295114b96-9\"\n\t\t\t\n\t\t>\n<div class=\"sow-image-container\">\n\t\t\t<a href=\"https:\/\/www.gruene-hessen.de\/kommunalwahl-2026\/mitmachen\/\"\n\t\t\ttarget=\"_blank\" rel=\"noopener noreferrer\" \t\t>\n\t\t\t<img \n\tsrc=\"https:\/\/www.gruene-hessen.de\/kommunalwahl-2026\/files\/2025\/10\/Banner-mitmachen-400px.jpg\" width=\"400\" height=\"267\" srcset=\"https:\/\/www.gruene-hessen.de\/kommunalwahl-2026\/wp-content\/blogs.dir\/17\/files\/2025\/10\/Banner-mitmachen-400px.jpg 400w, https:\/\/www.gruene-hessen.de\/kommunalwahl-2026\/wp-content\/blogs.dir\/17\/files\/2025\/10\/Banner-mitmachen-400px-300x200.jpg 300w, https:\/\/www.gruene-hessen.de\/kommunalwahl-2026\/wp-content\/blogs.dir\/17\/files\/2025\/10\/Banner-mitmachen-400px-272x182.jpg 272w\" sizes=\"(max-width: 400px) 100vw, 400px\" title=\"Jetzt bei GR\u00dcN mitmachen\" alt=\"Banner Dunkelgr\u00fcn auf Mintgr\u00fcn mit H\u00e4nden in Herzform und dem Text: &quot;Mehr GR\u00dcN erleben! Jetzt mitmachen.&quot;\" \t\tclass=\"so-widget-image\"\/>\n\t\t\t<\/a><\/div>\n\n<\/div><\/div><div id=\"panel-9-0-1-3\" class=\"so-panel widget widget_sow-image\" data-index=\"8\" ><div\n\t\t\t\n\t\t\tclass=\"so-widget-sow-image so-widget-sow-image-default-dbf295114b96-9\"\n\t\t\t\n\t\t>\n<div class=\"sow-image-container\">\n\t\t\t<a href=\"https:\/\/www.gruene-hessen.de\/kommunalwahl-2026\/hauptamtliche\/\"\n\t\t\t\t\t>\n\t\t\t<img \n\tsrc=\"https:\/\/www.gruene-hessen.de\/kommunalwahl-2026\/files\/2026\/02\/Banner-Hauptamtl.jpg\" width=\"400\" height=\"267\" srcset=\"https:\/\/www.gruene-hessen.de\/kommunalwahl-2026\/wp-content\/blogs.dir\/17\/files\/2026\/02\/Banner-Hauptamtl.jpg 400w, https:\/\/www.gruene-hessen.de\/kommunalwahl-2026\/wp-content\/blogs.dir\/17\/files\/2026\/02\/Banner-Hauptamtl-300x200.jpg 300w, https:\/\/www.gruene-hessen.de\/kommunalwahl-2026\/wp-content\/blogs.dir\/17\/files\/2026\/02\/Banner-Hauptamtl-272x182.jpg 272w\" sizes=\"(max-width: 400px) 100vw, 400px\" title=\"GR\u00dcNE Hauptamtliche in Hessen\" alt=\"Banner Dunkelgr\u00fcn auf Mintgr\u00fcn mit Kompass und dem Text: &quot;Mehr starke Hauptamtliche! Jetzt entdecken.&quot;\" \t\tclass=\"so-widget-image\"\/>\n\t\t\t<\/a><\/div>\n\n<\/div><\/div><div id=\"panel-9-0-1-4\" class=\"so-panel widget widget_sow-button panel-last-child\" data-index=\"9\" ><div class=\"panel-widget-style panel-widget-style-for-9-0-1-4\" ><div\n\t\t\t\n\t\t\tclass=\"so-widget-sow-button so-widget-sow-button-flat-45294056e243-9\"\n\t\t\t\n\t\t><div class=\"ow-button-base ow-button-align-left\"\n>\n\t\t\t<a\n\t\t\t\t\thref=\"https:\/\/www.gruene-hessen.de\/partei\/spenden\/\"\n\t\t\t\t\tclass=\"sowb-button ow-icon-placement-left ow-button-hover\" target=\"_blank\" rel=\"noopener noreferrer\" \t>\n\t\t<span>\n\t\t\t\n\t\t\tJETZT<br \/>SPENDEN!\t\t<\/span>\n\t\t\t<\/a>\n\t<\/div>\n<\/div><\/div><\/div><\/div><\/div><\/div><div id=\"pg-9-1\"  class=\"panel-grid panel-has-style\" ><div class=\"siteorigin-panels-stretch panel-row-style panel-row-style-for-9-1\" data-stretch-type=\"full\" ><div id=\"pgc-9-1-0\"  class=\"panel-grid-cell panel-grid-cell-empty\" ><\/div><div id=\"pgc-9-1-1\"  class=\"panel-grid-cell panel-grid-cell-mobile-last\" ><div id=\"panel-9-1-1-0\" class=\"so-panel widget widget_sow-social-media-buttons panel-first-child panel-last-child\" data-index=\"10\" ><div\n\t\t\t\n\t\t\tclass=\"so-widget-sow-social-media-buttons so-widget-sow-social-media-buttons-flat-c630bbd12a72-9\"\n\t\t\t\n\t\t>\n\n<div class=\"social-media-button-container\">\n\t\n\t\t<a \n\t\tclass=\"ow-button-hover sow-social-media-button-instagram-0 sow-social-media-button\" title=\"Zu B\u00dcNDNIS 90\/DIE GR\u00dcNEN Hessen auf Instagram\" aria-label=\"Zu B\u00dcNDNIS 90\/DIE GR\u00dcNEN Hessen auf Instagram\" target=\"_blank\" rel=\"noopener noreferrer\" href=\"https:\/\/instagram.com\/gruenehessen\" \t\t>\n\t\t\t<span>\n\t\t\t\t\t\t\t\t<span class=\"sow-icon-fontawesome sow-fab\" data-sow-icon=\"&#xf16d;\"\n\t\t \n\t\taria-hidden=\"true\"><\/span>\t\t\t\t\t\t\t<\/span>\n\t\t<\/a>\n\t\n\t\t<a \n\t\tclass=\"ow-button-hover sow-social-media-button-facebook-0 sow-social-media-button\" title=\"Zu B\u00dcNDNIS 90\/DIE GR\u00dcNEN Hessen auf Facebook\" aria-label=\"Zu B\u00dcNDNIS 90\/DIE GR\u00dcNEN Hessen auf Facebook\" target=\"_blank\" rel=\"noopener noreferrer\" href=\"https:\/\/www.facebook.com\/gruenehessen\" \t\t>\n\t\t\t<span>\n\t\t\t\t\t\t\t\t<span class=\"sow-icon-fontawesome sow-fab\" data-sow-icon=\"&#xf39e;\"\n\t\t \n\t\taria-hidden=\"true\"><\/span>\t\t\t\t\t\t\t<\/span>\n\t\t<\/a>\n\t\n\t\t<a \n\t\tclass=\"ow-button-hover sow-social-media-button-youtube-0 sow-social-media-button\" title=\"Zu B\u00dcNDNIS 90\/DIE GR\u00dcNEN Hessen auf YouTube\" aria-label=\"Zu B\u00dcNDNIS 90\/DIE GR\u00dcNEN Hessen auf YouTube\" target=\"_blank\" rel=\"noopener noreferrer\" href=\"https:\/\/www.youtube.com\/hessengruen\" \t\t>\n\t\t\t<span>\n\t\t\t\t\t\t\t\t<span class=\"sow-icon-fontawesome sow-fab\" data-sow-icon=\"&#xf167;\"\n\t\t \n\t\taria-hidden=\"true\"><\/span>\t\t\t\t\t\t\t<\/span>\n\t\t<\/a>\n\t\n\t\t<a \n\t\tclass=\"ow-button-hover sow-social-media-button-tiktok-0 sow-social-media-button\" title=\"Zu B\u00dcNDNIS 90\/Die GR\u00dcNEN Hessen auf TikTok\" aria-label=\"Zu B\u00dcNDNIS 90\/Die GR\u00dcNEN Hessen auf TikTok\" target=\"_blank\" rel=\"noopener noreferrer\" href=\"https:\/\/www.tiktok.com\/@gruenehessen\" \t\t>\n\t\t\t<span>\n\t\t\t\t\t\t\t\t<span class=\"sow-icon-fontawesome sow-fab\" data-sow-icon=\"&#xe07b;\"\n\t\t \n\t\taria-hidden=\"true\"><\/span>\t\t\t\t\t\t\t<\/span>\n\t\t<\/a>\n\t\n\t\t<a \n\t\tclass=\"ow-button-hover sow-social-media-button-Mastodon-0 sow-social-media-button\" title=\"Zu B\u00dcNDNIS 90\/Die GR\u00dcNEN Hessen auf Mastodon\" aria-label=\"Zu B\u00dcNDNIS 90\/Die GR\u00dcNEN Hessen auf Mastodon\" target=\"_blank\" rel=\"noopener noreferrer\" href=\"https:\/\/gruene.social\/@gruenehessen\" \t\t>\n\t\t\t<span>\n\t\t\t\t<!-- premium-mastodon -->\t\t\t\t<span class=\"sow-icon-fontawesome sow-fab\" data-sow-icon=\"&#xf4f6;\"\n\t\t \n\t\taria-hidden=\"true\"><\/span>\t\t\t\t<!-- endpremium -->\t\t\t<\/span>\n\t\t<\/a>\n\t<\/div>\n<\/div><\/div><\/div><div id=\"pgc-9-1-2\"  class=\"panel-grid-cell panel-grid-cell-empty\" ><\/div><\/div><\/div><\/div>","protected":false},"excerpt":{"rendered":"<p>MEHR GR\u00dcNE THEMEN MEHR GR\u00dcNE TERMINE Bevorstehende Veranstaltungen Hinweis Es sind keine anstehenden Veranstaltungen vorhanden. JETZTSPENDEN!<\/p>\n","protected":false},"author":3,"featured_media":0,"parent":0,"menu_order":0,"comment_status":"closed","ping_status":"closed","template":"kommunalwahl-page-template.php","meta":{"ngg_post_thumbnail":0,"footnotes":""},"class_list":["post-9","page","type-page","status-publish","hentry"],"_links":{"self":[{"href":"https:\/\/www.gruene-hessen.de\/kommunalwahl-2026\/wp-json\/wp\/v2\/pages\/9","targetHints":{"allow":["GET"]}}],"collection":[{"href":"https:\/\/www.gruene-hessen.de\/kommunalwahl-2026\/wp-json\/wp\/v2\/pages"}],"about":[{"href":"https:\/\/www.gruene-hessen.de\/kommunalwahl-2026\/wp-json\/wp\/v2\/types\/page"}],"author":[{"embeddable":true,"href":"https:\/\/www.gruene-hessen.de\/kommunalwahl-2026\/wp-json\/wp\/v2\/users\/3"}],"replies":[{"embeddable":true,"href":"https:\/\/www.gruene-hessen.de\/kommunalwahl-2026\/wp-json\/wp\/v2\/comments?post=9"}],"version-history":[{"count":198,"href":"https:\/\/www.gruene-hessen.de\/kommunalwahl-2026\/wp-json\/wp\/v2\/pages\/9\/revisions"}],"predecessor-version":[{"id":598,"href":"https:\/\/www.gruene-hessen.de\/kommunalwahl-2026\/wp-json\/wp\/v2\/pages\/9\/revisions\/598"}],"wp:attachment":[{"href":"https:\/\/www.gruene-hessen.de\/kommunalwahl-2026\/wp-json\/wp\/v2\/media?parent=9"}],"curies":[{"name":"wp","href":"https:\/\/api.w.org\/{rel}","templated":true}]}}